{"id":506,"date":"2017-04-12T16:59:23","date_gmt":"2017-04-12T16:59:23","guid":{"rendered":"https:\/\/podologiaclaret.com\/?page_id=506"},"modified":"2025-06-10T11:40:18","modified_gmt":"2025-06-10T09:40:18","slug":"pie-diabetico-barcelona","status":"publish","type":"page","link":"https:\/\/podologiaclaret.com\/ca\/pie-diabetico-barcelona\/","title":{"rendered":"PIE DIAB\u00c9TICO"},"content":{"rendered":"[vc_row][vc_column][vc_single_image image=&#8221;435&#8243; img_size=&#8221;full&#8221;][\/vc_column][\/vc_row][vc_row][vc_column width=&#8221;1\/2&#8243;][vc_empty_space height=&#8221;10px&#8221;][vc_column_text css=&#8221;.vc_custom_1493291910476{margin-right: 20px !important;}&#8221;]El envejecimiento de la poblaci\u00f3n, el sedentarismo y la obesidad han multiplicado el n\u00famero de diab\u00e9ticos.<\/p>\n<p>Una lesi\u00f3n muy caracter\u00edstica de las personas con diabetes es el\u00a0pie diab\u00e9tico, que es el resultado de las alteraciones en la sensibilidad (neuropat\u00eda perif\u00e9rica) y en el riego de las arterias (artropat\u00eda perif\u00e9rica). El riesgo de padecer esta lesi\u00f3n aumenta conforme avanza la\u00a0<a href=\"http:\/\/www.webconsultas.com\/diabetes\">diabetes<\/a>, llegando a presentar una incidencia de amputaciones por este motivo en torno a 4 por 1.000 pacientes\/a\u00f1o. Se estima que el 15% de los diab\u00e9ticos presentar\u00e1n en alg\u00fan momento de su vida lesiones compatibles con un pie diab\u00e9tico.<\/p>\n<p>Los factores m\u00e1s importantes para su desarrollo son el mal control de la diabetes, la neuropat\u00eda, las deformidades del pie (artropat\u00eda de Charcot), la arteriopat\u00eda y el\u00a0<a href=\"http:\/\/www.webconsultas.com\/categoria\/tags\/tabaquismo\">tabaco<\/a>. El 80% de los pacientes con pie diab\u00e9tico presentan alteraci\u00f3n de la sensibilidad, y estos son los m\u00e1s proclives a desarrollar \u00falceras.<\/p>\n<p>Dichas alteraciones facilitan que un m\u00ednimo traumatismo o\u00a0<a href=\"http:\/\/www.webconsultas.com\/salud-al-dia\/heridas\/heridas-4546\">herida<\/a>\u00a0provoque \u00falceras o heridas de dif\u00edcil cicatrizaci\u00f3n, y que originan infecciones graves, dolores y, en situaciones avanzadas, incluso\u00a0amputaciones.<\/p>\n<p><strong>S\u00edntomas de alarma del pie diab\u00e9tico<\/strong><\/p>\n<p>Los primeros signos que deben alertar sobre el inicio de un pie diab\u00e9tico son el enrojecimiento de algunas zonas del pie, el aumento de su temperatura, zonas callosas que no mejoran, y que finalmente se ulceran. Estas lesiones iniciales pueden progresar hasta llegar a una ulcera profunda y alcanzar el hueso provocando una\u00a0<a href=\"http:\/\/www.webconsultas.com\/salud-al-dia\/osteomielitis\/que-es-la-osteomielitis\">osteomielitis<\/a>, y finalmente en situaciones muy avanzadas una gangrena del pie. Con un buen seguimiento y control son lesiones evitables.<\/p>\n<p>Se debe realizar una inspecci\u00f3n frecuente por parte del pod\u00f3logo para evaluar la sensibilidad (superficial y a la vibraci\u00f3n, con microfilamento y diapas\u00f3n, respectivamente) para detectar los primeros signos de neuropat\u00eda, realizar el \u00edndice tobillo\/brazo para valorar la arteriopat\u00eda y mantener una vigilancia estrecha de heridas aparentemente inofensivas.<\/p>\n<p>&nbsp;<\/p>\n<p>En el <strong>Centre de Podolog\u00eda Claret<\/strong> disponemos de un protocolo para el diagn\u00f3stico, tratamiento y prevenci\u00f3n del pie diab\u00e9tico.<\/p>\n<p>La prevenci\u00f3n de complicaci\u00f3n en el pie diab\u00e9tico se basa en educaci\u00f3n del paciente y medidas de higiene con revisiones peri\u00f3dicas por parte del pod\u00f3logo, as\u00ed como la detecci\u00f3n precoz por parte del pod\u00f3logo de lesiones en el pie.[\/vc_column_text][\/vc_column][vc_column width=&#8221;1\/2&#8243;][vc_column_text]\n<p style=\"font-size: 24px;\">Pide tu cita online&#8230;<\/p>\n[\/vc_column_text][vc_column_text]<!--\nPlugin Name: Bookly - Responsive WordPress Appointment Booking and Scheduling Plugin\nPlugin URI: https:\/\/www.booking-wp-plugin.com\/?utm_source=bookly_admin&utm_medium=plugins_page&utm_campaign=plugins_page\nVersion: 25.6-->\n<style type=\"text\/css\">\n    :root {\n        --bookly-main-color: #0d5495 !important;\n        --bookly-color: #0d5495 !important;\n    }\n\n    <\/style><div class=\"bookly-css-root\">\n    <div id=\"bookly-form-69f4a136c60a4\" class=\"bookly-form\" data-form_id=\"69f4a136c60a4\" aria-live=\"polite\">\n        <div style=\"text-align: center\"><img decoding=\"async\" src=\"https:\/\/podologiaclaret.com\/wp-includes\/js\/tinymce\/skins\/lightgray\/img\/loader.gif\" alt=\"Loading...\"\/><\/div>\n    <\/div>\n<\/div>\n<script type=\"text\/javascript\">\n    (function (win, fn) {\n        var done = false, top = true,\n            doc = win.document,\n            root = doc.documentElement,\n            modern = doc.addEventListener,\n            add = modern ? 'addEventListener' : 'attachEvent',\n            rem = modern ? 'removeEventListener' : 'detachEvent',\n            pre = modern ? '' : 'on',\n            init = function (e) {\n                if (e.type == 'readystatechange') if (doc.readyState != 'complete') return;\n                (e.type == 'load' ? win : doc)[rem](pre + e.type, init, false);\n                if (!done) {\n                    done = true;\n                    fn.call(win, e.type || e);\n                }\n            },\n            poll = function () {\n                try {\n                    root.doScroll('left');\n                } catch (e) {\n                    setTimeout(poll, 50);\n                    return;\n                }\n                init('poll');\n            };\n        if (doc.readyState == 'complete') fn.call(win, 'lazy');\n        else {\n            if (!modern) if (root.doScroll) {\n                try {\n                    top = !win.frameElement;\n                } catch (e) {\n                }\n                if (top) poll();\n            }\n            doc[add](pre + 'DOMContentLoaded', init, false);\n            doc[add](pre + 'readystatechange', init, false);\n            win[add](pre + 'load', init, false);\n        }\n    })(window, function () {\n        window.bookly( {\"form_id\":\"69f4a136c60a4\",\"status\":{\"booking\":\"new\"},\"skip_steps\":{\"service_part1\":0,\"service_part2\":0,\"extras\":1,\"time\":0,\"repeat\":1,\"cart\":1},\"errors\":{\"session_error\":\"Session error.\",\"form_id_error\":\"Form ID error.\",\"cart_item_not_available\":\"La hora seleccionada ya no est\\u00e1 disponible. Por favor elije otra ranura de hora.\",\"pay_locally_not_available\":\"Pay locally is not available.\",\"invalid_gateway\":\"Invalid gateway.\",\"payment_error\":\"Error.\",\"incorrect_username_password\":\"Nom d'usuari o contrasenya incorrectes.\"},\"form_attributes\":{\"hide_categories\":true,\"hide_services\":false,\"hide_staff_members\":true,\"show_number_of_persons\":false,\"hide_service_duration\":true,\"hide_locations\":true,\"hide_quantity\":true,\"hide_date\":false,\"hide_week_days\":false,\"hide_time_range\":false},\"use_client_time_zone\":0,\"defaults\":{\"service_id\":0,\"staff_id\":0,\"location_id\":0,\"category_id\":0},\"datepicker_mode\":\"text-accent\"} );\n    });\n<\/script>[\/vc_column_text][\/vc_column][\/vc_row][vc_row full_width=&#8221;stretch_row_content&#8221; css=&#8221;.vc_custom_1490109100227{margin-right: 0px !important;margin-left: 0px !important;padding-top: 0px !important;padding-right: 0px !important;padding-bottom: 0px !important;padding-left: 0px !important;}&#8221;][vc_column width=&#8221;1\/2&#8243; css=&#8221;.vc_custom_1490109279450{margin-right: 0px !important;margin-left: 0px !important;padding-right: 0px !important;padding-left: 0px !important;}&#8221;][vc_gmaps link=&#8221;#E-8_JTNDaWZyYW1lJTIwc3JjJTNEJTIyaHR0cHMlM0ElMkYlMkZ3d3cuZ29vZ2xlLmNvbSUyRm1hcHMlMkZlbWJlZCUzRnBiJTNEJTIxMW0xOCUyMTFtMTIlMjExbTMlMjExZDI5OTIuNjIyNDI1MjI2MTU3MiUyMTJkMi4xNjI4MjQyMTU0MjYyOTA3JTIxM2Q0MS40MDQwMDU0NzkyNjI2MTUlMjEybTMlMjExZjAlMjEyZjAlMjEzZjAlMjEzbTIlMjExaTEwMjQlMjEyaTc2OCUyMTRmMTMuMSUyMTNtMyUyMTFtMiUyMTFzMHgxMmE0YTJjMDg0YTY1NjgzJTI1M0EweDUwNWZhOTBjNDM4NDNjMTMlMjEyc0NhcnJlciUyQmRlJTJCU2FudCUyQkFudG9uaSUyQk1hcmlhJTJCQ2xhcmV0JTI1MkMlMkIzMCUyNTJDJTJCMDgwMzclMkJCYXJjZWxvbmElMjE1ZTAlMjEzbTIlMjExc2VuJTIxMnNlcyUyMTR2MTQ5MDA4ODkyMzE5NiUyMiUyMHdpZHRoJTNEJTIyNjAwJTIyJTIwaGVpZ2h0JTNEJTIyMzI1JTIyJTIwZnJhbWVib3JkZXIlM0QlMjIwJTIyJTIwc3R5bGUlM0QlMjJib3JkZXIlM0EwJTIyJTIwYWxsb3dmdWxsc2NyZWVuJTNFJTNDJTJGaWZyYW1lJTNF&#8221; css=&#8221;.vc_custom_1490109355426{margin-top: 0px !important;margin-right: 0px !important;margin-bottom: 0px !important;margin-left: 0px !important;padding-top: 0px !important;padding-right: 0px !important;padding-bottom: 0px !important;padding-left: 0px !important;}&#8221;][\/vc_column][vc_column width=&#8221;1\/2&#8243; css=&#8221;.vc_custom_1490090690796{background-color: #1f5da6 !important;}&#8221;][vc_column_text css=&#8221;.vc_custom_1493711348956{margin-left: 0px !important;border-left-width: 0px !important;padding-top: 0px !important;padding-bottom: 0px !important;padding-left: 0px !important;}&#8221;]\n<p style=\"font-size: 20px;\"><span style=\"color: #ffffff;\">D\u00f3nde estamos<\/span><\/p>\n<p style=\"font-size: 12px;\"><strong><span style=\"color: #ffffff;\">DIRECCI\u00d3N:<\/span><\/strong><\/p>\n<p style=\"font-size: 14px;\"><span style=\"color: #ffffff;\">Carrer de Sant Antoni Maria Claret,30 &#8211; 08037, Barrio de Gracia (Barcelona)<\/span><\/p>\n<p style=\"font-size: 12px;\"><span style=\"color: #ffffff;\"><strong>TEL\u00c9FONO:<\/strong> 934 57 05 49 <strong>EMAIL:<\/strong> info@podologiaclaret.com<\/span><\/p>\n<p style=\"font-size: 12px;\"><strong><span style=\"color: #ffffff;\">C\u00d3MO LLEGAR<\/span><\/strong><\/p>\n<p style=\"font-size: 12px;\"><img loading=\"lazy\" decoding=\"async\" class=\"alignnone size-full wp-image-127\" src=\"https:\/\/podologiaclaret.com\/wp-content\/uploads\/2017\/03\/metro.png\" alt=\"\" width=\"66\" height=\"39\" \/><span style=\"color: #ffffff;\">Joanic<\/span><img loading=\"lazy\" decoding=\"async\" class=\"alignnone size-medium wp-image-128\" src=\"https:\/\/podologiaclaret.com\/wp-content\/uploads\/2017\/03\/metro-stop.png\" alt=\"\" width=\"66\" height=\"39\" \/><span style=\"color: #ffffff;\">Sagrada Famila<\/span><img loading=\"lazy\" decoding=\"async\" class=\"alignnone size-full wp-image-126\" src=\"https:\/\/podologiaclaret.com\/wp-content\/uploads\/2017\/03\/bus-lines.png\" alt=\"\" width=\"216\" height=\"39\" \/><\/p>\n[\/vc_column_text][\/vc_column][\/vc_row]\n","protected":false},"excerpt":{"rendered":"<p>[vc_row][vc_column][vc_single_image image=&#8221;435&#8243; img_size=&#8221;full&#8221;][\/vc_column][\/vc_row][vc_row][vc_column width=&#8221;1\/2&#8243;][vc_empty_space height=&#8221;10px&#8221;][vc_column_text css=&#8221;.vc_custom_1493291910476{margin-right: 20px !important;}&#8221;]El envejecimiento de la poblaci\u00f3n, el sedentarismo y la obesidad han multiplicado el n\u00famero de diab\u00e9ticos. Una lesi\u00f3n muy caracter\u00edstica de las personas con diabetes es el\u00a0pie diab\u00e9tico, que es el resultado de las alteraciones en la sensibilidad (neuropat\u00eda perif\u00e9rica) y en el riego de las arterias (artropat\u00eda<\/p>\n","protected":false},"author":1,"featured_media":0,"parent":0,"menu_order":0,"comment_status":"closed","ping_status":"closed","template":"","meta":{"_joinchat":[],"footnotes":""},"class_list":["post-506","page","type-page","status-publish","hentry"],"yoast_head":"<!-- This site is optimized with the Yoast SEO plugin v25.8 - https:\/\/yoast.com\/wordpress\/plugins\/seo\/ -->\n<title>Peu Diab\u00e8tic a Barcelona | Podologia Claret<\/title>\n<meta name=\"robots\" content=\"index, follow, max-snippet:-1, max-image-preview:large, max-video-preview:-1\" \/>\n<link rel=\"canonical\" href=\"https:\/\/podologiaclaret.com\/ca\/pie-diabetico-barcelona\/\" \/>\n<meta property=\"og:locale\" content=\"ca_ES\" \/>\n<meta property=\"og:type\" content=\"article\" \/>\n<meta property=\"og:title\" content=\"Peu Diab\u00e8tic a Barcelona | Podologia Claret\" \/>\n<meta property=\"og:description\" content=\"[vc_row][vc_column][vc_single_image image=&#8221;435&#8243; img_size=&#8221;full&#8221;][\/vc_column][\/vc_row][vc_row][vc_column width=&#8221;1\/2&#8243;][vc_empty_space height=&#8221;10px&#8221;][vc_column_text css=&#8221;.vc_custom_1493291910476{margin-right: 20px !important;}&#8221;]El envejecimiento de la poblaci\u00f3n, el sedentarismo y la obesidad han multiplicado el n\u00famero de diab\u00e9ticos. Una lesi\u00f3n muy caracter\u00edstica de las personas con diabetes es el\u00a0pie diab\u00e9tico, que es el resultado de las alteraciones en la sensibilidad (neuropat\u00eda perif\u00e9rica) y en el riego de las arterias (artropat\u00eda\" \/>\n<meta property=\"og:url\" content=\"https:\/\/podologiaclaret.com\/ca\/pie-diabetico-barcelona\/\" \/>\n<meta property=\"og:site_name\" content=\"Podolog\u00eda Claret\" \/>\n<meta property=\"article:modified_time\" content=\"2025-06-10T09:40:18+00:00\" \/>\n<meta property=\"og:image\" content=\"https:\/\/podologiaclaret.com\/wp-content\/uploads\/2017\/03\/metro.png\" \/>\n\t<meta property=\"og:image:width\" content=\"66\" \/>\n\t<meta property=\"og:image:height\" content=\"39\" \/>\n\t<meta property=\"og:image:type\" content=\"image\/png\" \/>\n<meta name=\"twitter:card\" content=\"summary_large_image\" \/>\n<meta name=\"twitter:label1\" content=\"Temps estimat de lectura\" \/>\n\t<meta name=\"twitter:data1\" content=\"3 minuts\" \/>\n<script type=\"application\/ld+json\" class=\"yoast-schema-graph\">{\"@context\":\"https:\/\/schema.org\",\"@graph\":[{\"@type\":\"WebPage\",\"@id\":\"https:\/\/podologiaclaret.com\/ca\/pie-diabetico-barcelona\/\",\"url\":\"https:\/\/podologiaclaret.com\/ca\/pie-diabetico-barcelona\/\",\"name\":\"Peu Diab\u00e8tic a Barcelona | Podologia Claret\",\"isPartOf\":{\"@id\":\"https:\/\/podologiaclaret.com\/#website\"},\"primaryImageOfPage\":{\"@id\":\"https:\/\/podologiaclaret.com\/ca\/pie-diabetico-barcelona\/#primaryimage\"},\"image\":{\"@id\":\"https:\/\/podologiaclaret.com\/ca\/pie-diabetico-barcelona\/#primaryimage\"},\"thumbnailUrl\":\"https:\/\/podologiaclaret.com\/wp-content\/uploads\/2017\/03\/metro.png\",\"datePublished\":\"2017-04-12T16:59:23+00:00\",\"dateModified\":\"2025-06-10T09:40:18+00:00\",\"breadcrumb\":{\"@id\":\"https:\/\/podologiaclaret.com\/ca\/pie-diabetico-barcelona\/#breadcrumb\"},\"inLanguage\":\"ca\",\"potentialAction\":[{\"@type\":\"ReadAction\",\"target\":[\"https:\/\/podologiaclaret.com\/ca\/pie-diabetico-barcelona\/\"]}]},{\"@type\":\"ImageObject\",\"inLanguage\":\"ca\",\"@id\":\"https:\/\/podologiaclaret.com\/ca\/pie-diabetico-barcelona\/#primaryimage\",\"url\":\"https:\/\/podologiaclaret.com\/wp-content\/uploads\/2017\/03\/metro.png\",\"contentUrl\":\"https:\/\/podologiaclaret.com\/wp-content\/uploads\/2017\/03\/metro.png\"},{\"@type\":\"BreadcrumbList\",\"@id\":\"https:\/\/podologiaclaret.com\/ca\/pie-diabetico-barcelona\/#breadcrumb\",\"itemListElement\":[{\"@type\":\"ListItem\",\"position\":1,\"name\":\"Portada\",\"item\":\"https:\/\/podologiaclaret.com\/ca\/\"},{\"@type\":\"ListItem\",\"position\":2,\"name\":\"PIE DIAB\u00c9TICO\"}]},{\"@type\":\"WebSite\",\"@id\":\"https:\/\/podologiaclaret.com\/#website\",\"url\":\"https:\/\/podologiaclaret.com\/\",\"name\":\"Podolog\u00eda Claret\",\"description\":\"Centro de podolog\u00eda en Gracia, Barcelona\",\"publisher\":{\"@id\":\"https:\/\/podologiaclaret.com\/#organization\"},\"potentialAction\":[{\"@type\":\"SearchAction\",\"target\":{\"@type\":\"EntryPoint\",\"urlTemplate\":\"https:\/\/podologiaclaret.com\/?s={search_term_string}\"},\"query-input\":{\"@type\":\"PropertyValueSpecification\",\"valueRequired\":true,\"valueName\":\"search_term_string\"}}],\"inLanguage\":\"ca\"},{\"@type\":\"Organization\",\"@id\":\"https:\/\/podologiaclaret.com\/#organization\",\"name\":\"Podolog\u00eda Claret\",\"url\":\"https:\/\/podologiaclaret.com\/\",\"logo\":{\"@type\":\"ImageObject\",\"inLanguage\":\"ca\",\"@id\":\"https:\/\/podologiaclaret.com\/#\/schema\/logo\/image\/\",\"url\":\"https:\/\/podologiaclaret.com\/wp-content\/uploads\/2021\/08\/podologia.svg\",\"contentUrl\":\"https:\/\/podologiaclaret.com\/wp-content\/uploads\/2021\/08\/podologia.svg\",\"width\":253,\"height\":72,\"caption\":\"Podolog\u00eda Claret\"},\"image\":{\"@id\":\"https:\/\/podologiaclaret.com\/#\/schema\/logo\/image\/\"}}]}<\/script>\n<!-- \/ Yoast SEO plugin. -->","yoast_head_json":{"title":"Peu Diab\u00e8tic a Barcelona | Podologia Claret","robots":{"index":"index","follow":"follow","max-snippet":"max-snippet:-1","max-image-preview":"max-image-preview:large","max-video-preview":"max-video-preview:-1"},"canonical":"https:\/\/podologiaclaret.com\/ca\/pie-diabetico-barcelona\/","og_locale":"ca_ES","og_type":"article","og_title":"Peu Diab\u00e8tic a Barcelona | Podologia Claret","og_description":"[vc_row][vc_column][vc_single_image image=&#8221;435&#8243; img_size=&#8221;full&#8221;][\/vc_column][\/vc_row][vc_row][vc_column width=&#8221;1\/2&#8243;][vc_empty_space height=&#8221;10px&#8221;][vc_column_text css=&#8221;.vc_custom_1493291910476{margin-right: 20px !important;}&#8221;]El envejecimiento de la poblaci\u00f3n, el sedentarismo y la obesidad han multiplicado el n\u00famero de diab\u00e9ticos. Una lesi\u00f3n muy caracter\u00edstica de las personas con diabetes es el\u00a0pie diab\u00e9tico, que es el resultado de las alteraciones en la sensibilidad (neuropat\u00eda perif\u00e9rica) y en el riego de las arterias (artropat\u00eda","og_url":"https:\/\/podologiaclaret.com\/ca\/pie-diabetico-barcelona\/","og_site_name":"Podolog\u00eda Claret","article_modified_time":"2025-06-10T09:40:18+00:00","og_image":[{"width":66,"height":39,"url":"https:\/\/podologiaclaret.com\/wp-content\/uploads\/2017\/03\/metro.png","type":"image\/png"}],"twitter_card":"summary_large_image","twitter_misc":{"Temps estimat de lectura":"3 minuts"},"schema":{"@context":"https:\/\/schema.org","@graph":[{"@type":"WebPage","@id":"https:\/\/podologiaclaret.com\/ca\/pie-diabetico-barcelona\/","url":"https:\/\/podologiaclaret.com\/ca\/pie-diabetico-barcelona\/","name":"Peu Diab\u00e8tic a Barcelona | Podologia Claret","isPartOf":{"@id":"https:\/\/podologiaclaret.com\/#website"},"primaryImageOfPage":{"@id":"https:\/\/podologiaclaret.com\/ca\/pie-diabetico-barcelona\/#primaryimage"},"image":{"@id":"https:\/\/podologiaclaret.com\/ca\/pie-diabetico-barcelona\/#primaryimage"},"thumbnailUrl":"https:\/\/podologiaclaret.com\/wp-content\/uploads\/2017\/03\/metro.png","datePublished":"2017-04-12T16:59:23+00:00","dateModified":"2025-06-10T09:40:18+00:00","breadcrumb":{"@id":"https:\/\/podologiaclaret.com\/ca\/pie-diabetico-barcelona\/#breadcrumb"},"inLanguage":"ca","potentialAction":[{"@type":"ReadAction","target":["https:\/\/podologiaclaret.com\/ca\/pie-diabetico-barcelona\/"]}]},{"@type":"ImageObject","inLanguage":"ca","@id":"https:\/\/podologiaclaret.com\/ca\/pie-diabetico-barcelona\/#primaryimage","url":"https:\/\/podologiaclaret.com\/wp-content\/uploads\/2017\/03\/metro.png","contentUrl":"https:\/\/podologiaclaret.com\/wp-content\/uploads\/2017\/03\/metro.png"},{"@type":"BreadcrumbList","@id":"https:\/\/podologiaclaret.com\/ca\/pie-diabetico-barcelona\/#breadcrumb","itemListElement":[{"@type":"ListItem","position":1,"name":"Portada","item":"https:\/\/podologiaclaret.com\/ca\/"},{"@type":"ListItem","position":2,"name":"PIE DIAB\u00c9TICO"}]},{"@type":"WebSite","@id":"https:\/\/podologiaclaret.com\/#website","url":"https:\/\/podologiaclaret.com\/","name":"Podolog\u00eda Claret","description":"Centro de podolog\u00eda en Gracia, Barcelona","publisher":{"@id":"https:\/\/podologiaclaret.com\/#organization"},"potentialAction":[{"@type":"SearchAction","target":{"@type":"EntryPoint","urlTemplate":"https:\/\/podologiaclaret.com\/?s={search_term_string}"},"query-input":{"@type":"PropertyValueSpecification","valueRequired":true,"valueName":"search_term_string"}}],"inLanguage":"ca"},{"@type":"Organization","@id":"https:\/\/podologiaclaret.com\/#organization","name":"Podolog\u00eda Claret","url":"https:\/\/podologiaclaret.com\/","logo":{"@type":"ImageObject","inLanguage":"ca","@id":"https:\/\/podologiaclaret.com\/#\/schema\/logo\/image\/","url":"https:\/\/podologiaclaret.com\/wp-content\/uploads\/2021\/08\/podologia.svg","contentUrl":"https:\/\/podologiaclaret.com\/wp-content\/uploads\/2021\/08\/podologia.svg","width":253,"height":72,"caption":"Podolog\u00eda Claret"},"image":{"@id":"https:\/\/podologiaclaret.com\/#\/schema\/logo\/image\/"}}]}},"_links":{"self":[{"href":"https:\/\/podologiaclaret.com\/ca\/wp-json\/wp\/v2\/pages\/506","targetHints":{"allow":["GET"]}}],"collection":[{"href":"https:\/\/podologiaclaret.com\/ca\/wp-json\/wp\/v2\/pages"}],"about":[{"href":"https:\/\/podologiaclaret.com\/ca\/wp-json\/wp\/v2\/types\/page"}],"author":[{"embeddable":true,"href":"https:\/\/podologiaclaret.com\/ca\/wp-json\/wp\/v2\/users\/1"}],"replies":[{"embeddable":true,"href":"https:\/\/podologiaclaret.com\/ca\/wp-json\/wp\/v2\/comments?post=506"}],"version-history":[{"count":5,"href":"https:\/\/podologiaclaret.com\/ca\/wp-json\/wp\/v2\/pages\/506\/revisions"}],"predecessor-version":[{"id":1814,"href":"https:\/\/podologiaclaret.com\/ca\/wp-json\/wp\/v2\/pages\/506\/revisions\/1814"}],"wp:attachment":[{"href":"https:\/\/podologiaclaret.com\/ca\/wp-json\/wp\/v2\/media?parent=506"}],"curies":[{"name":"wp","href":"https:\/\/api.w.org\/{rel}","templated":true}]}}