{"id":502,"date":"2017-03-28T10:40:30","date_gmt":"2017-03-28T10:40:30","guid":{"rendered":"https:\/\/podologiaclaret.com\/?page_id=502"},"modified":"2025-04-01T11:34:23","modified_gmt":"2025-04-01T09:34:23","slug":"podologia-barrio-gracia-barcelona","status":"publish","type":"page","link":"https:\/\/podologiaclaret.com\/ca\/podologia-barrio-gracia-barcelona\/","title":{"rendered":"Centre de podologia en el barri de Gr\u00e0cia, Barcelona"},"content":{"rendered":"\n<div class=\"wpcf7 no-js\" id=\"wpcf7-f268-o1\" lang=\"es-ES\" dir=\"ltr\" data-wpcf7-id=\"268\">\n<div class=\"screen-reader-response\"><p role=\"status\" aria-live=\"polite\" aria-atomic=\"true\"><\/p> <ul><\/ul><\/div>\n<form action=\"\/ca\/wp-json\/wp\/v2\/pages\/502#wpcf7-f268-o1\" method=\"post\" class=\"wpcf7-form init\" aria-label=\"Formulario de contacto\" novalidate=\"novalidate\" data-status=\"init\">\n<fieldset class=\"hidden-fields-container\"><input type=\"hidden\" name=\"_wpcf7\" value=\"268\" \/><input type=\"hidden\" name=\"_wpcf7_version\" value=\"6.1.2\" \/><input type=\"hidden\" name=\"_wpcf7_locale\" value=\"es_ES\" \/><input type=\"hidden\" name=\"_wpcf7_unit_tag\" value=\"wpcf7-f268-o1\" \/><input type=\"hidden\" name=\"_wpcf7_container_post\" value=\"0\" \/><input type=\"hidden\" name=\"_wpcf7_posted_data_hash\" value=\"\" \/><input type=\"hidden\" name=\"_wpcf7_recaptcha_response\" value=\"\" \/>\n<\/fieldset>\n<p class=\"form-left\"> Nombre *<br \/>\n<span class=\"wpcf7-form-control-wrap\" data-name=\"your-name\"><input size=\"40\" maxlength=\"400\" class=\"wpcf7-form-control wpcf7-text wpcf7-validates-as-required\" aria-required=\"true\" aria-invalid=\"false\" value=\"\" type=\"text\" name=\"your-name\" \/><\/span>\n<\/p>\n<p class=\"form-right\"> Apellidos<br \/>\n<span class=\"wpcf7-form-control-wrap\" data-name=\"your-surname\"><input size=\"40\" maxlength=\"400\" class=\"wpcf7-form-control wpcf7-text wpcf7-validates-as-required\" aria-required=\"true\" aria-invalid=\"false\" value=\"\" type=\"text\" name=\"your-surname\" \/><\/span>\n<\/p>\n<p class=\"form-left\"> Tel\u00e9fono*<br \/>\n<span class=\"wpcf7-form-control-wrap\" data-name=\"tel-555\"><input size=\"40\" maxlength=\"400\" class=\"wpcf7-form-control wpcf7-tel wpcf7-text wpcf7-validates-as-tel\" aria-invalid=\"false\" value=\"\" type=\"tel\" name=\"tel-555\" \/><\/span>\n<\/p>\n<p class=\"form-right\"> Email*<br \/>\n<span class=\"wpcf7-form-control-wrap\" data-name=\"your-email\"><input size=\"40\" maxlength=\"400\" class=\"wpcf7-form-control wpcf7-email wpcf7-validates-as-required wpcf7-text wpcf7-validates-as-email\" aria-required=\"true\" aria-invalid=\"false\" value=\"\" type=\"email\" name=\"your-email\" \/><\/span>\n<\/p>\n<p>\u00bfQu\u00e9 servicio necesitas?\n<\/p>\n<p><span class=\"wpcf7-form-control-wrap\" data-name=\"checkbox-712\"><span class=\"wpcf7-form-control wpcf7-checkbox\"><span class=\"wpcf7-list-item first\"><input type=\"checkbox\" name=\"checkbox-712[]\" value=\"Podolog\u00eda deportiva\" \/><span class=\"wpcf7-list-item-label\">Podolog\u00eda deportiva<\/span><\/span><span class=\"wpcf7-list-item\"><input type=\"checkbox\" name=\"checkbox-712[]\" value=\"Quiropodia\" \/><span class=\"wpcf7-list-item-label\">Quiropodia<\/span><\/span><span class=\"wpcf7-list-item\"><input type=\"checkbox\" name=\"checkbox-712[]\" value=\"Pie diab\u00e9tico\" \/><span class=\"wpcf7-list-item-label\">Pie diab\u00e9tico<\/span><\/span><span class=\"wpcf7-list-item\"><input type=\"checkbox\" name=\"checkbox-712[]\" value=\"Estudios biomec\u00e1nicos\" \/><span class=\"wpcf7-list-item-label\">Estudios biomec\u00e1nicos<\/span><\/span><span class=\"wpcf7-list-item\"><input type=\"checkbox\" name=\"checkbox-712[]\" value=\"Plantillas personalizadas\" \/><span class=\"wpcf7-list-item-label\">Plantillas personalizadas<\/span><\/span><span class=\"wpcf7-list-item\"><input type=\"checkbox\" name=\"checkbox-712[]\" value=\"Cirug\u00eda\" \/><span class=\"wpcf7-list-item-label\">Cirug\u00eda<\/span><\/span><span class=\"wpcf7-list-item last\"><input type=\"checkbox\" name=\"checkbox-712[]\" value=\"Otros\" \/><span class=\"wpcf7-list-item-label\">Otros<\/span><\/span><\/span><\/span>\n<\/p>\n<p style=\"width: 100%;\"> Asunto<br \/>\n<span class=\"wpcf7-form-control-wrap\" data-name=\"your-subject\"><input size=\"40\" maxlength=\"400\" class=\"wpcf7-form-control wpcf7-text\" aria-invalid=\"false\" value=\"\" type=\"text\" name=\"your-subject\" \/><\/span>\n<\/p>\n<p><label> Mensaje<br \/>\n<span class=\"wpcf7-form-control-wrap\" data-name=\"your-message\"><textarea cols=\"40\" rows=\"10\" maxlength=\"2000\" class=\"wpcf7-form-control wpcf7-textarea\" aria-invalid=\"false\" name=\"your-message\"><\/textarea><\/span> <\/label>\n<\/p>\n<p class=\"button-form\"><input class=\"wpcf7-form-control wpcf7-submit has-spinner\" type=\"submit\" value=\"Enviar\" \/>\n<\/p><p style=\"display: none !important;\" class=\"akismet-fields-container\" data-prefix=\"_wpcf7_ak_\"><label>&#916;<textarea name=\"_wpcf7_ak_hp_textarea\" cols=\"45\" rows=\"8\" maxlength=\"100\"><\/textarea><\/label><input type=\"hidden\" id=\"ak_js_1\" name=\"_wpcf7_ak_js\" value=\"169\"\/><script>document.getElementById( \"ak_js_1\" ).setAttribute( \"value\", ( new Date() ).getTime() );<\/script><\/p><div class=\"wpcf7-response-output\" aria-hidden=\"true\"><\/div>\n<\/form>\n<\/div>\n\n<p><strong>Estamos en:<\/strong> Carrer de Sant Antoni Maria Claret, n\u00ba 30<br \/>\n08037 Barcelona<\/p>\n<p><strong>Tel\u00e9fono<\/strong>: 934 57 05 49<\/p>\n<p><strong>Email<\/strong>: info@podologiaclaret.com<\/p>\n","protected":false},"excerpt":{"rendered":"<p>Estamos en: Carrer de Sant Antoni Maria Claret, n\u00ba 30 08037 Barcelona Tel\u00e9fono: 934 57 05 49 Email: info@podologiaclaret.com<\/p>\n","protected":false},"author":1,"featured_media":0,"parent":0,"menu_order":0,"comment_status":"closed","ping_status":"closed","template":"","meta":{"_joinchat":[],"footnotes":""},"class_list":["post-502","page","type-page","status-publish","hentry"],"yoast_head":"<!-- This site is optimized with the Yoast SEO plugin v25.8 - https:\/\/yoast.com\/wordpress\/plugins\/seo\/ -->\n<title>Podologia Claret | Centre de podologia del barri de Gr\u00e0cia<\/title>\n<meta name=\"description\" content=\"A Podolog\u00eda Claret, oferim atenci\u00f3 personalitzada i de qualitat. Contacta&#039;ns per a m\u00e9s informaci\u00f3 sobre els nostres serveis de podologia a Barcelona.\" \/>\n<meta name=\"robots\" content=\"index, follow, max-snippet:-1, max-image-preview:large, max-video-preview:-1\" \/>\n<link rel=\"canonical\" href=\"https:\/\/podologiaclaret.com\/ca\/podologia-barrio-gracia-barcelona\/\" \/>\n<meta property=\"og:locale\" content=\"ca_ES\" \/>\n<meta property=\"og:type\" content=\"article\" \/>\n<meta property=\"og:title\" content=\"Podologia Claret | Centre de podologia del barri de Gr\u00e0cia\" \/>\n<meta property=\"og:description\" content=\"A Podolog\u00eda Claret, oferim atenci\u00f3 personalitzada i de qualitat. Contacta&#039;ns per a m\u00e9s informaci\u00f3 sobre els nostres serveis de podologia a Barcelona.\" \/>\n<meta property=\"og:url\" content=\"https:\/\/podologiaclaret.com\/ca\/podologia-barrio-gracia-barcelona\/\" \/>\n<meta property=\"og:site_name\" content=\"Podolog\u00eda Claret\" \/>\n<meta property=\"article:modified_time\" content=\"2025-04-01T09:34:23+00:00\" \/>\n<meta name=\"twitter:card\" content=\"summary_large_image\" \/>\n<meta name=\"twitter:label1\" content=\"Temps estimat de lectura\" \/>\n\t<meta name=\"twitter:data1\" content=\"1 minut\" \/>\n<script type=\"application\/ld+json\" class=\"yoast-schema-graph\">{\"@context\":\"https:\/\/schema.org\",\"@graph\":[{\"@type\":\"WebPage\",\"@id\":\"https:\/\/podologiaclaret.com\/ca\/podologia-barrio-gracia-barcelona\/\",\"url\":\"https:\/\/podologiaclaret.com\/ca\/podologia-barrio-gracia-barcelona\/\",\"name\":\"Podologia Claret | Centre de podologia del barri de Gr\u00e0cia\",\"isPartOf\":{\"@id\":\"https:\/\/podologiaclaret.com\/#website\"},\"datePublished\":\"2017-03-28T10:40:30+00:00\",\"dateModified\":\"2025-04-01T09:34:23+00:00\",\"description\":\"A Podolog\u00eda Claret, oferim atenci\u00f3 personalitzada i de qualitat. Contacta'ns per a m\u00e9s informaci\u00f3 sobre els nostres serveis de podologia a Barcelona.\",\"breadcrumb\":{\"@id\":\"https:\/\/podologiaclaret.com\/ca\/podologia-barrio-gracia-barcelona\/#breadcrumb\"},\"inLanguage\":\"ca\",\"potentialAction\":[{\"@type\":\"ReadAction\",\"target\":[\"https:\/\/podologiaclaret.com\/ca\/podologia-barrio-gracia-barcelona\/\"]}]},{\"@type\":\"BreadcrumbList\",\"@id\":\"https:\/\/podologiaclaret.com\/ca\/podologia-barrio-gracia-barcelona\/#breadcrumb\",\"itemListElement\":[{\"@type\":\"ListItem\",\"position\":1,\"name\":\"Portada\",\"item\":\"https:\/\/podologiaclaret.com\/ca\/\"},{\"@type\":\"ListItem\",\"position\":2,\"name\":\"Centre de podologia en el barri de Gr\u00e0cia, Barcelona\"}]},{\"@type\":\"WebSite\",\"@id\":\"https:\/\/podologiaclaret.com\/#website\",\"url\":\"https:\/\/podologiaclaret.com\/\",\"name\":\"Podolog\u00eda Claret\",\"description\":\"Centro de podolog\u00eda en Gracia, Barcelona\",\"publisher\":{\"@id\":\"https:\/\/podologiaclaret.com\/#organization\"},\"potentialAction\":[{\"@type\":\"SearchAction\",\"target\":{\"@type\":\"EntryPoint\",\"urlTemplate\":\"https:\/\/podologiaclaret.com\/?s={search_term_string}\"},\"query-input\":{\"@type\":\"PropertyValueSpecification\",\"valueRequired\":true,\"valueName\":\"search_term_string\"}}],\"inLanguage\":\"ca\"},{\"@type\":\"Organization\",\"@id\":\"https:\/\/podologiaclaret.com\/#organization\",\"name\":\"Podolog\u00eda Claret\",\"url\":\"https:\/\/podologiaclaret.com\/\",\"logo\":{\"@type\":\"ImageObject\",\"inLanguage\":\"ca\",\"@id\":\"https:\/\/podologiaclaret.com\/#\/schema\/logo\/image\/\",\"url\":\"https:\/\/podologiaclaret.com\/wp-content\/uploads\/2021\/08\/podologia.svg\",\"contentUrl\":\"https:\/\/podologiaclaret.com\/wp-content\/uploads\/2021\/08\/podologia.svg\",\"width\":253,\"height\":72,\"caption\":\"Podolog\u00eda Claret\"},\"image\":{\"@id\":\"https:\/\/podologiaclaret.com\/#\/schema\/logo\/image\/\"}}]}<\/script>\n<!-- \/ Yoast SEO plugin. -->","yoast_head_json":{"title":"Podologia Claret | Centre de podologia del barri de Gr\u00e0cia","description":"A Podolog\u00eda Claret, oferim atenci\u00f3 personalitzada i de qualitat. Contacta'ns per a m\u00e9s informaci\u00f3 sobre els nostres serveis de podologia a Barcelona.","robots":{"index":"index","follow":"follow","max-snippet":"max-snippet:-1","max-image-preview":"max-image-preview:large","max-video-preview":"max-video-preview:-1"},"canonical":"https:\/\/podologiaclaret.com\/ca\/podologia-barrio-gracia-barcelona\/","og_locale":"ca_ES","og_type":"article","og_title":"Podologia Claret | Centre de podologia del barri de Gr\u00e0cia","og_description":"A Podolog\u00eda Claret, oferim atenci\u00f3 personalitzada i de qualitat. Contacta'ns per a m\u00e9s informaci\u00f3 sobre els nostres serveis de podologia a Barcelona.","og_url":"https:\/\/podologiaclaret.com\/ca\/podologia-barrio-gracia-barcelona\/","og_site_name":"Podolog\u00eda Claret","article_modified_time":"2025-04-01T09:34:23+00:00","twitter_card":"summary_large_image","twitter_misc":{"Temps estimat de lectura":"1 minut"},"schema":{"@context":"https:\/\/schema.org","@graph":[{"@type":"WebPage","@id":"https:\/\/podologiaclaret.com\/ca\/podologia-barrio-gracia-barcelona\/","url":"https:\/\/podologiaclaret.com\/ca\/podologia-barrio-gracia-barcelona\/","name":"Podologia Claret | Centre de podologia del barri de Gr\u00e0cia","isPartOf":{"@id":"https:\/\/podologiaclaret.com\/#website"},"datePublished":"2017-03-28T10:40:30+00:00","dateModified":"2025-04-01T09:34:23+00:00","description":"A Podolog\u00eda Claret, oferim atenci\u00f3 personalitzada i de qualitat. Contacta'ns per a m\u00e9s informaci\u00f3 sobre els nostres serveis de podologia a Barcelona.","breadcrumb":{"@id":"https:\/\/podologiaclaret.com\/ca\/podologia-barrio-gracia-barcelona\/#breadcrumb"},"inLanguage":"ca","potentialAction":[{"@type":"ReadAction","target":["https:\/\/podologiaclaret.com\/ca\/podologia-barrio-gracia-barcelona\/"]}]},{"@type":"BreadcrumbList","@id":"https:\/\/podologiaclaret.com\/ca\/podologia-barrio-gracia-barcelona\/#breadcrumb","itemListElement":[{"@type":"ListItem","position":1,"name":"Portada","item":"https:\/\/podologiaclaret.com\/ca\/"},{"@type":"ListItem","position":2,"name":"Centre de podologia en el barri de Gr\u00e0cia, Barcelona"}]},{"@type":"WebSite","@id":"https:\/\/podologiaclaret.com\/#website","url":"https:\/\/podologiaclaret.com\/","name":"Podolog\u00eda Claret","description":"Centro de podolog\u00eda en Gracia, Barcelona","publisher":{"@id":"https:\/\/podologiaclaret.com\/#organization"},"potentialAction":[{"@type":"SearchAction","target":{"@type":"EntryPoint","urlTemplate":"https:\/\/podologiaclaret.com\/?s={search_term_string}"},"query-input":{"@type":"PropertyValueSpecification","valueRequired":true,"valueName":"search_term_string"}}],"inLanguage":"ca"},{"@type":"Organization","@id":"https:\/\/podologiaclaret.com\/#organization","name":"Podolog\u00eda Claret","url":"https:\/\/podologiaclaret.com\/","logo":{"@type":"ImageObject","inLanguage":"ca","@id":"https:\/\/podologiaclaret.com\/#\/schema\/logo\/image\/","url":"https:\/\/podologiaclaret.com\/wp-content\/uploads\/2021\/08\/podologia.svg","contentUrl":"https:\/\/podologiaclaret.com\/wp-content\/uploads\/2021\/08\/podologia.svg","width":253,"height":72,"caption":"Podolog\u00eda Claret"},"image":{"@id":"https:\/\/podologiaclaret.com\/#\/schema\/logo\/image\/"}}]}},"_links":{"self":[{"href":"https:\/\/podologiaclaret.com\/ca\/wp-json\/wp\/v2\/pages\/502","targetHints":{"allow":["GET"]}}],"collection":[{"href":"https:\/\/podologiaclaret.com\/ca\/wp-json\/wp\/v2\/pages"}],"about":[{"href":"https:\/\/podologiaclaret.com\/ca\/wp-json\/wp\/v2\/types\/page"}],"author":[{"embeddable":true,"href":"https:\/\/podologiaclaret.com\/ca\/wp-json\/wp\/v2\/users\/1"}],"replies":[{"embeddable":true,"href":"https:\/\/podologiaclaret.com\/ca\/wp-json\/wp\/v2\/comments?post=502"}],"version-history":[{"count":5,"href":"https:\/\/podologiaclaret.com\/ca\/wp-json\/wp\/v2\/pages\/502\/revisions"}],"predecessor-version":[{"id":1402,"href":"https:\/\/podologiaclaret.com\/ca\/wp-json\/wp\/v2\/pages\/502\/revisions\/1402"}],"wp:attachment":[{"href":"https:\/\/podologiaclaret.com\/ca\/wp-json\/wp\/v2\/media?parent=502"}],"curies":[{"name":"wp","href":"https:\/\/api.w.org\/{rel}","templated":true}]}}