{"id":499,"date":"2017-05-11T13:44:21","date_gmt":"2017-05-11T13:44:21","guid":{"rendered":"https:\/\/podologiaclaret.com\/?page_id=499"},"modified":"2025-07-08T19:36:31","modified_gmt":"2025-07-08T17:36:31","slug":"serveis-de-podologia-al-barri-de-gracia-barcelona","status":"publish","type":"page","link":"https:\/\/podologiaclaret.com\/ca\/serveis-de-podologia-al-barri-de-gracia-barcelona\/","title":{"rendered":"SERVEIS DE PODOLOGIA AL BARRI DE GR\u00c0CIA, BARCELONA"},"content":{"rendered":"[vc_row][vc_column][vc_column_text][\/vc_column_text][\/vc_column][\/vc_row][vc_row][vc_column width=&#8221;1\/6&#8243;][\/vc_column][vc_column width=&#8221;2\/3&#8243;][vc_column_text]\n<p style=\"text-align: center; font-size: 17px;\">A continuaci\u00f3 pots con\u00e8ixer amb m\u00e9s detall quins s\u00f3n els serveis en qu\u00e8 som especialistes, en qu\u00e8 consisteixen i com actuem en cada cas.<\/p>\n[\/vc_column_text][\/vc_column][vc_column width=&#8221;1\/6&#8243;][\/vc_column][\/vc_row][vc_row gap=&#8221;35&#8243; css=&#8221;.vc_custom_1490260491684{margin: 0px !important;border-width: 0px !important;padding: 0px !important;}&#8221;][vc_column width=&#8221;1\/3&#8243; css=&#8221;.vc_custom_1490260179435{margin: 0px !important;border-width: 0px !important;padding: 0px !important;background-color: #efefef !important;}&#8221;][vc_single_image image=&#8221;448&#8243; img_size=&#8221;full&#8221; alignment=&#8221;center&#8221; css=&#8221;.vc_custom_1493743372771{margin-top: 0px !important;margin-right: 0px !important;margin-bottom: 0px !important;margin-left: 0px !important;border-top-width: 0px !important;border-right-width: 0px !important;border-bottom-width: 0px !important;border-left-width: 0px !important;padding-top: 0px !important;padding-right: 0px !important;padding-bottom: 0px !important;padding-left: 0px !important;}&#8221;][vc_column_text el_class=&#8221;tratText&#8221; css=&#8221;.vc_custom_1494509881031{margin-top: 12px !important;}&#8221;]\n<h2 style=\"text-align: center;\">QUIROP\u00d2DIA<\/h2>\n<p style=\"text-align: left;\">En Podologia Claret ens ocupem de diagnosticar i dissenyar el millor tractament per a patologies doloroses i \/ o anomalies que pugui patir el peu, com ara:<\/p>\n<ul>\n<li style=\"text-align: left; font-size: 14px;\">Helomes \/ callositats<\/li>\n<li style=\"text-align: left; font-size: 14px;\">Hiperqueratosi \/ dureses<\/li>\n<li style=\"text-align: left; font-size: 14px;\">Onicocriptosis \/ ungles encarnades<\/li>\n<li style=\"text-align: left; font-size: 14px;\">Berrugues<\/li>\n<li style=\"text-align: left; font-size: 14px;\">Micosis \/ fongs<\/li>\n<li style=\"text-align: left; font-size: 14px;\">Altres patologies<\/li>\n<\/ul>\n[\/vc_column_text][ult_buttons btn_title=&#8221;M\u00c9S INFORMACI\u00d3&#8221; btn_link=&#8221;url:https%3A%2F%2Fpodologiaclaret.com%2Fca%2Fquiropodia%2F|||&#8221; btn_align=&#8221;ubtn-center&#8221; btn_size=&#8221;ubtn-custom&#8221; btn_width=&#8221;175&#8243; btn_height=&#8221;37&#8243; btn_title_color=&#8221;#0d75a3&#8243; btn_bg_color=&#8221;#fff323&#8243; icon_size=&#8221;32&#8243; btn_icon_pos=&#8221;ubtn-sep-icon-at-left&#8221; btn_border_style=&#8221;solid&#8221; btn_border_size=&#8221;0&#8243; btn_radius=&#8221;30&#8243; css_adv_btn=&#8221;.vc_custom_1568300094306{margin-right: 15px !important;margin-bottom: 5px !important;}&#8221; btn_font_style=&#8221;font-weight:bold;&#8221; btn_font_size=&#8221;desktop:15px;&#8221;][vc_empty_space height=&#8221;12&#8243;][\/vc_column][vc_column width=&#8221;1\/3&#8243; css=&#8221;.vc_custom_1490259668936{margin-top: 0px !important;margin-right: 0px !important;margin-bottom: 0px !important;margin-left: 0px !important;border-top-width: 0px !important;border-right-width: 0px !important;border-bottom-width: 0px !important;border-left-width: 0px !important;padding-top: 0px !important;padding-right: 0px !important;padding-bottom: 0px !important;padding-left: 0px !important;background-color: #efefef !important;}&#8221;][vc_single_image image=&#8221;447&#8243; img_size=&#8221;full&#8221; alignment=&#8221;center&#8221; css=&#8221;.vc_custom_1493743388563{margin-top: 0px !important;margin-right: 0px !important;margin-bottom: 0px !important;margin-left: 0px !important;border-top-width: 0px !important;border-right-width: 0px !important;border-bottom-width: 0px !important;border-left-width: 0px !important;padding-top: 0px !important;padding-right: 0px !important;padding-bottom: 0px !important;padding-left: 0px !important;}&#8221;][vc_column_text el_class=&#8221;tratText&#8221; css=&#8221;.vc_custom_1494509952945{margin-top: 12px !important;}&#8221;]\n<h2 style=\"text-align: center;\">PODOLOGIA ESPORTIVA<\/h2>\n<p style=\"text-align: left;\">Sovint el peu de l&#8217;esportista suporta una c\u00e0rrega afegida que pot derivar en lesions, com fascitis plantars, esperons, tendinitis&#8230;<\/p>\n<p style=\"text-align: left;\">Ens ocupem del seu tractament i \/ o prevenci\u00f3 mitjan\u00e7ant 3 fases:<\/p>\n<ul>\n<li style=\"text-align: left; font-size: 14px;\">Exploraci\u00f3 i palpaci\u00f3 del peu per tal de trobar zones inflamat\u00f2ries \/ doloroses<\/li>\n<li style=\"text-align: left; font-size: 14px;\">Estudi biomec\u00e0nic de la xarxa<\/li>\n<li style=\"text-align: left; font-size: 14px;\">Plantilles personalitzades<\/li>\n<\/ul>\n[\/vc_column_text][ult_buttons btn_title=&#8221;M\u00c9S INFORMACI\u00d3&#8221; btn_link=&#8221;url:https%3A%2F%2Fpodologiaclaret.com%2Fca%2Fpodologia-esportiva%2F|||&#8221; btn_align=&#8221;ubtn-center&#8221; btn_size=&#8221;ubtn-custom&#8221; btn_width=&#8221;175&#8243; btn_height=&#8221;37&#8243; btn_title_color=&#8221;#0d75a3&#8243; btn_bg_color=&#8221;#fff323&#8243; icon_size=&#8221;32&#8243; btn_icon_pos=&#8221;ubtn-sep-icon-at-left&#8221; btn_border_style=&#8221;solid&#8221; btn_border_size=&#8221;0&#8243; btn_radius=&#8221;30&#8243; css_adv_btn=&#8221;.vc_custom_1568300101088{margin-right: 15px !important;margin-bottom: 5px !important;}&#8221; btn_font_style=&#8221;font-weight:bold;&#8221; btn_font_size=&#8221;desktop:15px;&#8221;][vc_empty_space height=&#8221;12&#8243;][\/vc_column][vc_column width=&#8221;1\/3&#8243; css=&#8221;.vc_custom_1490259639582{margin-top: 0px !important;margin-right: 0px !important;margin-bottom: 0px !important;margin-left: 0px !important;border-top-width: 0px !important;border-right-width: 0px !important;border-bottom-width: 0px !important;border-left-width: 0px !important;padding-top: 0px !important;padding-right: 0px !important;padding-bottom: 0px !important;padding-left: 0px !important;background-color: #efefef !important;}&#8221;][vc_single_image image=&#8221;445&#8243; img_size=&#8221;full&#8221; alignment=&#8221;center&#8221; css=&#8221;.vc_custom_1493743419033{margin-top: 0px !important;margin-right: 0px !important;margin-bottom: 0px !important;margin-left: 0px !important;border-top-width: 0px !important;border-right-width: 0px !important;border-bottom-width: 0px !important;border-left-width: 0px !important;padding-top: 0px !important;padding-right: 0px !important;padding-bottom: 0px !important;padding-left: 0px !important;}&#8221;][vc_column_text el_class=&#8221;tratText&#8221; css=&#8221;.vc_custom_1494510033822{margin-top: 12px !important;}&#8221;]\n<h2 style=\"text-align: center;\">PEU DIAB\u00c9TIC<\/h2>\n<p style=\"text-align: left;\">Les persones amb diabetis tenen major predisposici\u00f3 a desenvolupar alteracions circulat\u00f2ries i sensitives que compliquen el proc\u00e9s de curaci\u00f3 de les ferides i les extremitats inferiors.<\/p>\n<p style=\"text-align: left;\">Podologia Claret \u00e9s un centre adherit al programa de <strong> Peu Diab\u00e8tic de l&#8217;Institut Catal\u00e0 de la Salut<\/strong> i els pacients afectats disposen de 3 visites gratu\u00eftes a l&#8217;any.<\/p>\n[\/vc_column_text][vc_empty_space height=&#8221;9&#8243;][ult_buttons btn_title=&#8221;M\u00c9S INFORMACI\u00d3&#8221; btn_link=&#8221;url:https%3A%2F%2Fpodologiaclaret.com%2Fca%2Fpeu-diabetic%2F|||&#8221; btn_align=&#8221;ubtn-center&#8221; btn_size=&#8221;ubtn-custom&#8221; btn_width=&#8221;175&#8243; btn_height=&#8221;37&#8243; btn_title_color=&#8221;#0d75a3&#8243; btn_bg_color=&#8221;#fff323&#8243; icon_size=&#8221;32&#8243; btn_icon_pos=&#8221;ubtn-sep-icon-at-left&#8221; btn_border_style=&#8221;solid&#8221; btn_border_size=&#8221;0&#8243; btn_radius=&#8221;30&#8243; css_adv_btn=&#8221;.vc_custom_1568300110058{margin-right: 15px !important;margin-bottom: 5px !important;}&#8221; btn_font_style=&#8221;font-weight:bold;&#8221; btn_font_size=&#8221;desktop:15px;&#8221;][vc_empty_space height=&#8221;12px&#8221;][\/vc_column][\/vc_row][vc_row][vc_column][vc_empty_space][\/vc_column][\/vc_row][vc_row gap=&#8221;35&#8243; css=&#8221;.vc_custom_1490260491684{margin: 0px !important;border-width: 0px !important;padding: 0px !important;}&#8221;][vc_column width=&#8221;1\/3&#8243; css=&#8221;.vc_custom_1494584012154{margin-top: 0px !important;margin-right: 0px !important;margin-bottom: 0px !important;margin-left: 0px !important;border-top-width: 0px !important;border-right-width: 0px !important;border-bottom-width: 0px !important;border-left-width: 0px !important;padding-top: 0px !important;padding-right: 0px !important;padding-bottom: 0px !important;padding-left: 0px !important;background-color: #efefef !important;}&#8221;][vc_single_image image=&#8221;444&#8243; img_size=&#8221;full&#8221; alignment=&#8221;center&#8221; css=&#8221;.vc_custom_1493743437741{margin-top: 0px !important;margin-right: 0px !important;margin-bottom: 0px !important;margin-left: 0px !important;border-top-width: 0px !important;border-right-width: 0px !important;border-bottom-width: 0px !important;border-left-width: 0px !important;padding-top: 0px !important;padding-right: 0px !important;padding-bottom: 0px !important;padding-left: 0px !important;}&#8221;][vc_column_text el_class=&#8221;tratText&#8221; css=&#8221;.vc_custom_1494577566147{margin-top: 12px !important;}&#8221;]\n<h2 style=\"text-align: center;\">ESTUDIS BIOMEC\u00c0NICS<\/h2>\n<p style=\"text-align: left;\">Disposem d&#8217;\u00faltima tecnologia per a realitzar una an\u00e0lisi de la marxa consistent en:<\/p>\n<ul>\n<li style=\"text-align: left; font-size: 14px;\">Exploraci\u00f3 i palpaci\u00f3, on detectem zones doloroses i \/ o inflamat\u00f2ries<\/li>\n<li style=\"text-align: left; font-size: 14px;\">Estudi informatitzat de la marxa mitjan\u00e7ant plataformes de forces<\/li>\n<li style=\"text-align: left; font-size: 14px;\">Estudi videogr\u00e0fic d&#8217;alta velocitat, mitjan\u00e7ant el qual accedim a detalls m\u00e9s imperceptibles<\/li>\n<\/ul>\n[\/vc_column_text][ult_buttons btn_title=&#8221;M\u00c9S INFORMACI\u00d3&#8221; btn_link=&#8221;url:https%3A%2F%2Fpodologiaclaret.com%2Fca%2Festudis-biomecanics-barcelona%2F|||&#8221; btn_align=&#8221;ubtn-center&#8221; btn_size=&#8221;ubtn-custom&#8221; btn_width=&#8221;175&#8243; btn_height=&#8221;37&#8243; btn_title_color=&#8221;#0d75a3&#8243; btn_bg_color=&#8221;#fff323&#8243; icon_size=&#8221;32&#8243; btn_icon_pos=&#8221;ubtn-sep-icon-at-left&#8221; btn_border_style=&#8221;solid&#8221; btn_border_size=&#8221;0&#8243; btn_radius=&#8221;30&#8243; css_adv_btn=&#8221;.vc_custom_1568300072343{margin-right: 15px !important;margin-bottom: 5px !important;}&#8221; btn_font_style=&#8221;font-weight:bold;&#8221; btn_font_size=&#8221;desktop:15px;&#8221;][vc_empty_space height=&#8221;12&#8243;][\/vc_column][vc_column width=&#8221;1\/3&#8243; css=&#8221;.vc_custom_1494584022379{margin-top: 0px !important;margin-right: 0px !important;margin-bottom: 0px !important;margin-left: 0px !important;border-top-width: 0px !important;border-right-width: 0px !important;border-bottom-width: 0px !important;border-left-width: 0px !important;padding-top: 0px !important;padding-right: 0px !important;padding-bottom: 0px !important;padding-left: 0px !important;background-color: #efefef !important;}&#8221;][vc_single_image image=&#8221;446&#8243; img_size=&#8221;full&#8221; alignment=&#8221;center&#8221; css=&#8221;.vc_custom_1493743450234{margin-top: 0px !important;margin-right: 0px !important;margin-bottom: 0px !important;margin-left: 0px !important;border-top-width: 0px !important;border-right-width: 0px !important;border-bottom-width: 0px !important;border-left-width: 0px !important;padding-top: 0px !important;padding-right: 0px !important;padding-bottom: 0px !important;padding-left: 0px !important;}&#8221;][vc_column_text el_class=&#8221;tratText&#8221; css=&#8221;.vc_custom_1494510116183{margin-top: 12px !important;}&#8221;]\n<h2 style=\"text-align: center;\">PLANTILLES PERSONALITZADES<\/h2>\n[\/vc_column_text][vc_column_text el_class=&#8221;tratText&#8221; css=&#8221;.vc_custom_1494510139649{margin-top: 12px !important;}&#8221;]\n<p style=\"text-align: left;\">Un cop realitzat l&#8217;estudi biomec\u00e0nic i analitzats els resultats obtinguts, comptem amb materials d&#8217;\u00faltima generaci\u00f3 per a dissenyar i confeccionar plantilles personalitzades i adaptades a les necessitats de cada pacient.<\/p>\n[\/vc_column_text][vc_empty_space height=&#8221;15&#8243;][ult_buttons btn_title=&#8221;M\u00c9S INFORMACI\u00d3&#8221; btn_link=&#8221;url:https%3A%2F%2Fpodologiaclaret.com%2Fca%2Fplantilles-personalitzades%2F|||&#8221; btn_align=&#8221;ubtn-center&#8221; btn_size=&#8221;ubtn-custom&#8221; btn_width=&#8221;175&#8243; btn_height=&#8221;37&#8243; btn_title_color=&#8221;#0d75a3&#8243; btn_bg_color=&#8221;#fff323&#8243; icon_size=&#8221;32&#8243; btn_icon_pos=&#8221;ubtn-sep-icon-at-left&#8221; btn_border_style=&#8221;solid&#8221; btn_border_size=&#8221;0&#8243; btn_radius=&#8221;30&#8243; css_adv_btn=&#8221;.vc_custom_1568300081092{margin-right: 15px !important;margin-bottom: 5px !important;}&#8221; btn_font_style=&#8221;font-weight:bold;&#8221; btn_font_size=&#8221;desktop:15px;&#8221;][vc_empty_space height=&#8221;15&#8243;][\/vc_column][vc_column width=&#8221;1\/3&#8243; css=&#8221;.vc_custom_1493376268133{background-color: #1f5ea6 !important;}&#8221; offset=&#8221;vc_hidden-sm vc_hidden-xs&#8221;][vc_column_text]<img loading=\"lazy\" decoding=\"async\" class=\"aligncenter wp-image-524 size-medium\" src=\"https:\/\/podologiaclaret.com\/wp-content\/uploads\/2017\/05\/QUIII-300x59.png\" width=\"300\" height=\"59\" \/><\/p>\n<p style=\"font-size: 17px; color: #ffffff; text-align: center; line-height: 24px;\">Selecciona l&#8217;horari que prefereixis, tria dia i hora, i paga l\u00ednia o en la consulta.<\/p>\n[\/vc_column_text][vc_row_inner][vc_column_inner width=&#8221;1\/2&#8243;][vc_single_image image=&#8221;327&#8243; img_size=&#8221;full&#8221; css=&#8221;.vc_custom_1490878714447{margin-top: 0px !important;margin-right: 0px !important;margin-bottom: 0px !important;margin-left: 0px !important;}&#8221;][\/vc_column_inner][vc_column_inner width=&#8221;1\/2&#8243;][vc_empty_space height=&#8221;70px&#8221;][ult_buttons btn_title=&#8221;DEMANA CITA&#8221; btn_link=&#8221;url:https%3A%2F%2Fpodologiaclaret.com%2Fca%2Fdemana-la-teva-cita%2F|||&#8221; btn_align=&#8221;ubtn-right&#8221; btn_size=&#8221;ubtn-custom&#8221; btn_width=&#8221;175&#8243; btn_height=&#8221;37&#8243; btn_title_color=&#8221;#0d75a3&#8243; btn_bg_color=&#8221;#fff323&#8243; icon_size=&#8221;32&#8243; btn_icon_pos=&#8221;ubtn-sep-icon-at-left&#8221; btn_border_style=&#8221;solid&#8221; btn_border_size=&#8221;1&#8243; btn_radius=&#8221;30&#8243; css_adv_btn=&#8221;.vc_custom_1495474896325{margin-right: 15px !important;margin-bottom: 5px !important;}&#8221; btn_font_style=&#8221;font-weight:bold;&#8221; btn_font_size=&#8221;desktop:15px;&#8221;][\/vc_column_inner][\/vc_row_inner][\/vc_column][\/vc_row][vc_row gap=&#8221;35&#8243; css=&#8221;.vc_custom_1490260491684{margin: 0px !important;border-width: 0px !important;padding: 0px !important;}&#8221;][vc_column width=&#8221;1\/3&#8243; css=&#8221;.vc_custom_1493376293215{background-color: #1f5ea6 !important;}&#8221; offset=&#8221;vc_hidden-lg vc_hidden-md&#8221;][vc_column_text]<img loading=\"lazy\" decoding=\"async\" class=\"aligncenter wp-image-524 size-medium\" src=\"https:\/\/podologiaclaret.com\/wp-content\/uploads\/2017\/05\/QUIII-300x59.png\" width=\"300\" height=\"59\" \/><\/p>\n<p style=\"font-size: 17px; color: #ffffff; text-align: center; line-height: 24px;\">Selecciona l&#8217;horari que prefereixis, tria dia i hora, i paga l\u00ednia o en la consulta.<\/p>\n[\/vc_column_text][vc_row_inner][vc_column_inner][ult_buttons btn_title=&#8221;DEMANA CITA&#8221; btn_link=&#8221;url:https%3A%2F%2Fpodologiaclaret.com%2Fca%2Fdemana-la-teva-cita%2F|||&#8221; btn_align=&#8221;ubtn-center&#8221; btn_size=&#8221;ubtn-custom&#8221; btn_width=&#8221;175&#8243; btn_height=&#8221;37&#8243; btn_title_color=&#8221;#0d75a3&#8243; btn_bg_color=&#8221;#fff323&#8243; icon_size=&#8221;32&#8243; btn_icon_pos=&#8221;ubtn-sep-icon-at-left&#8221; btn_border_style=&#8221;solid&#8221; btn_border_size=&#8221;1&#8243; btn_radius=&#8221;30&#8243; css_adv_btn=&#8221;.vc_custom_1568301037019{margin-right: 15px !important;margin-bottom: 5px !important;}&#8221; btn_font_style=&#8221;font-weight:bold;&#8221; btn_font_size=&#8221;desktop:15px;&#8221;][vc_empty_space height=&#8221;25px&#8221;][vc_single_image image=&#8221;327&#8243; img_size=&#8221;full&#8221; alignment=&#8221;center&#8221; css=&#8221;.vc_custom_1493376364536{margin-top: 0px !important;margin-right: 0px !important;margin-bottom: 0px !important;margin-left: 0px !important;}&#8221;][\/vc_column_inner][\/vc_row_inner][\/vc_column][\/vc_row]\n","protected":false},"excerpt":{"rendered":"<p>[vc_row][vc_column][vc_column_text][\/vc_column_text][\/vc_column][\/vc_row][vc_row][vc_column width=&#8221;1\/6&#8243;][\/vc_column][vc_column width=&#8221;2\/3&#8243;][vc_column_text] A continuaci\u00f3 pots con\u00e8ixer amb m\u00e9s detall quins s\u00f3n els serveis en qu\u00e8 som especialistes, en qu\u00e8 consisteixen i com actuem en cada cas. [\/vc_column_text][\/vc_column][vc_column width=&#8221;1\/6&#8243;][\/vc_column][\/vc_row][vc_row gap=&#8221;35&#8243; css=&#8221;.vc_custom_1490260491684{margin: 0px !important;border-width: 0px !important;padding: 0px !important;}&#8221;][vc_column width=&#8221;1\/3&#8243; css=&#8221;.vc_custom_1490260179435{margin: 0px !important;border-width: 0px !important;padding: 0px !important;background-color: #efefef !important;}&#8221;][vc_single_image image=&#8221;448&#8243; img_size=&#8221;full&#8221; alignment=&#8221;center&#8221; css=&#8221;.vc_custom_1493743372771{margin-top: 0px !important;margin-right: 0px !important;margin-bottom:<\/p>\n","protected":false},"author":1,"featured_media":1725,"parent":0,"menu_order":0,"comment_status":"closed","ping_status":"closed","template":"","meta":{"_joinchat":[],"footnotes":""},"class_list":["post-499","page","type-page","status-publish","has-post-thumbnail","hentry"],"yoast_head":"<!-- This site is optimized with the Yoast SEO plugin v25.8 - https:\/\/yoast.com\/wordpress\/plugins\/seo\/ -->\n<title>Podolog\u00eda Claret | Cirurgia podol\u00f2gica avan\u00e7ada a Barcelona<\/title>\n<meta name=\"description\" content=\"Oferim serveis com quiropodia, infiltracions per alleujar el dolor i tractaments espec\u00edfics per a afeccions com ungles encarnades i cirurgia galindons.\" \/>\n<meta name=\"robots\" content=\"index, follow, max-snippet:-1, max-image-preview:large, max-video-preview:-1\" \/>\n<link rel=\"canonical\" href=\"https:\/\/podologiaclaret.com\/ca\/serveis-de-podologia-al-barri-de-gracia-barcelona\/\" \/>\n<meta property=\"og:locale\" content=\"ca_ES\" \/>\n<meta property=\"og:type\" content=\"article\" \/>\n<meta property=\"og:title\" content=\"Podolog\u00eda Claret | Cirurgia podol\u00f2gica avan\u00e7ada a Barcelona\" \/>\n<meta property=\"og:description\" content=\"Oferim serveis com quiropodia, infiltracions per alleujar el dolor i tractaments espec\u00edfics per a afeccions com ungles encarnades i cirurgia galindons.\" \/>\n<meta property=\"og:url\" content=\"https:\/\/podologiaclaret.com\/ca\/serveis-de-podologia-al-barri-de-gracia-barcelona\/\" \/>\n<meta property=\"og:site_name\" content=\"Podolog\u00eda Claret\" \/>\n<meta property=\"article:modified_time\" content=\"2025-07-08T17:36:31+00:00\" \/>\n<meta property=\"og:image\" content=\"https:\/\/podologiaclaret.com\/wp-content\/uploads\/2024\/02\/14.jpg\" \/>\n\t<meta property=\"og:image:width\" content=\"525\" \/>\n\t<meta property=\"og:image:height\" content=\"580\" \/>\n\t<meta property=\"og:image:type\" content=\"image\/jpeg\" \/>\n<meta name=\"twitter:card\" content=\"summary_large_image\" \/>\n<meta name=\"twitter:label1\" content=\"Temps estimat de lectura\" \/>\n\t<meta name=\"twitter:data1\" content=\"4 minuts\" \/>\n<script type=\"application\/ld+json\" class=\"yoast-schema-graph\">{\"@context\":\"https:\/\/schema.org\",\"@graph\":[{\"@type\":\"WebPage\",\"@id\":\"https:\/\/podologiaclaret.com\/ca\/serveis-de-podologia-al-barri-de-gracia-barcelona\/\",\"url\":\"https:\/\/podologiaclaret.com\/ca\/serveis-de-podologia-al-barri-de-gracia-barcelona\/\",\"name\":\"Podolog\u00eda Claret | Cirurgia podol\u00f2gica avan\u00e7ada a Barcelona\",\"isPartOf\":{\"@id\":\"https:\/\/podologiaclaret.com\/#website\"},\"primaryImageOfPage\":{\"@id\":\"https:\/\/podologiaclaret.com\/ca\/serveis-de-podologia-al-barri-de-gracia-barcelona\/#primaryimage\"},\"image\":{\"@id\":\"https:\/\/podologiaclaret.com\/ca\/serveis-de-podologia-al-barri-de-gracia-barcelona\/#primaryimage\"},\"thumbnailUrl\":\"https:\/\/podologiaclaret.com\/wp-content\/uploads\/2024\/02\/14.jpg\",\"datePublished\":\"2017-05-11T13:44:21+00:00\",\"dateModified\":\"2025-07-08T17:36:31+00:00\",\"description\":\"Oferim serveis com quiropodia, infiltracions per alleujar el dolor i tractaments espec\u00edfics per a afeccions com ungles encarnades i cirurgia galindons.\",\"breadcrumb\":{\"@id\":\"https:\/\/podologiaclaret.com\/ca\/serveis-de-podologia-al-barri-de-gracia-barcelona\/#breadcrumb\"},\"inLanguage\":\"ca\",\"potentialAction\":[{\"@type\":\"ReadAction\",\"target\":[\"https:\/\/podologiaclaret.com\/ca\/serveis-de-podologia-al-barri-de-gracia-barcelona\/\"]}]},{\"@type\":\"ImageObject\",\"inLanguage\":\"ca\",\"@id\":\"https:\/\/podologiaclaret.com\/ca\/serveis-de-podologia-al-barri-de-gracia-barcelona\/#primaryimage\",\"url\":\"https:\/\/podologiaclaret.com\/wp-content\/uploads\/2024\/02\/14.jpg\",\"contentUrl\":\"https:\/\/podologiaclaret.com\/wp-content\/uploads\/2024\/02\/14.jpg\",\"width\":525,\"height\":580,\"caption\":\"estudios_biomecanicos_podologia\"},{\"@type\":\"BreadcrumbList\",\"@id\":\"https:\/\/podologiaclaret.com\/ca\/serveis-de-podologia-al-barri-de-gracia-barcelona\/#breadcrumb\",\"itemListElement\":[{\"@type\":\"ListItem\",\"position\":1,\"name\":\"Portada\",\"item\":\"https:\/\/podologiaclaret.com\/ca\/\"},{\"@type\":\"ListItem\",\"position\":2,\"name\":\"SERVEIS DE PODOLOGIA AL BARRI DE GR\u00c0CIA, BARCELONA\"}]},{\"@type\":\"WebSite\",\"@id\":\"https:\/\/podologiaclaret.com\/#website\",\"url\":\"https:\/\/podologiaclaret.com\/\",\"name\":\"Podolog\u00eda Claret\",\"description\":\"Centro de podolog\u00eda en Gracia, Barcelona\",\"publisher\":{\"@id\":\"https:\/\/podologiaclaret.com\/#organization\"},\"potentialAction\":[{\"@type\":\"SearchAction\",\"target\":{\"@type\":\"EntryPoint\",\"urlTemplate\":\"https:\/\/podologiaclaret.com\/?s={search_term_string}\"},\"query-input\":{\"@type\":\"PropertyValueSpecification\",\"valueRequired\":true,\"valueName\":\"search_term_string\"}}],\"inLanguage\":\"ca\"},{\"@type\":\"Organization\",\"@id\":\"https:\/\/podologiaclaret.com\/#organization\",\"name\":\"Podolog\u00eda Claret\",\"url\":\"https:\/\/podologiaclaret.com\/\",\"logo\":{\"@type\":\"ImageObject\",\"inLanguage\":\"ca\",\"@id\":\"https:\/\/podologiaclaret.com\/#\/schema\/logo\/image\/\",\"url\":\"https:\/\/podologiaclaret.com\/wp-content\/uploads\/2021\/08\/podologia.svg\",\"contentUrl\":\"https:\/\/podologiaclaret.com\/wp-content\/uploads\/2021\/08\/podologia.svg\",\"width\":253,\"height\":72,\"caption\":\"Podolog\u00eda Claret\"},\"image\":{\"@id\":\"https:\/\/podologiaclaret.com\/#\/schema\/logo\/image\/\"}}]}<\/script>\n<!-- \/ Yoast SEO plugin. -->","yoast_head_json":{"title":"Podolog\u00eda Claret | Cirurgia podol\u00f2gica avan\u00e7ada a Barcelona","description":"Oferim serveis com quiropodia, infiltracions per alleujar el dolor i tractaments espec\u00edfics per a afeccions com ungles encarnades i cirurgia galindons.","robots":{"index":"index","follow":"follow","max-snippet":"max-snippet:-1","max-image-preview":"max-image-preview:large","max-video-preview":"max-video-preview:-1"},"canonical":"https:\/\/podologiaclaret.com\/ca\/serveis-de-podologia-al-barri-de-gracia-barcelona\/","og_locale":"ca_ES","og_type":"article","og_title":"Podolog\u00eda Claret | Cirurgia podol\u00f2gica avan\u00e7ada a Barcelona","og_description":"Oferim serveis com quiropodia, infiltracions per alleujar el dolor i tractaments espec\u00edfics per a afeccions com ungles encarnades i cirurgia galindons.","og_url":"https:\/\/podologiaclaret.com\/ca\/serveis-de-podologia-al-barri-de-gracia-barcelona\/","og_site_name":"Podolog\u00eda Claret","article_modified_time":"2025-07-08T17:36:31+00:00","og_image":[{"width":525,"height":580,"url":"https:\/\/podologiaclaret.com\/wp-content\/uploads\/2024\/02\/14.jpg","type":"image\/jpeg"}],"twitter_card":"summary_large_image","twitter_misc":{"Temps estimat de lectura":"4 minuts"},"schema":{"@context":"https:\/\/schema.org","@graph":[{"@type":"WebPage","@id":"https:\/\/podologiaclaret.com\/ca\/serveis-de-podologia-al-barri-de-gracia-barcelona\/","url":"https:\/\/podologiaclaret.com\/ca\/serveis-de-podologia-al-barri-de-gracia-barcelona\/","name":"Podolog\u00eda Claret | Cirurgia podol\u00f2gica avan\u00e7ada a Barcelona","isPartOf":{"@id":"https:\/\/podologiaclaret.com\/#website"},"primaryImageOfPage":{"@id":"https:\/\/podologiaclaret.com\/ca\/serveis-de-podologia-al-barri-de-gracia-barcelona\/#primaryimage"},"image":{"@id":"https:\/\/podologiaclaret.com\/ca\/serveis-de-podologia-al-barri-de-gracia-barcelona\/#primaryimage"},"thumbnailUrl":"https:\/\/podologiaclaret.com\/wp-content\/uploads\/2024\/02\/14.jpg","datePublished":"2017-05-11T13:44:21+00:00","dateModified":"2025-07-08T17:36:31+00:00","description":"Oferim serveis com quiropodia, infiltracions per alleujar el dolor i tractaments espec\u00edfics per a afeccions com ungles encarnades i cirurgia galindons.","breadcrumb":{"@id":"https:\/\/podologiaclaret.com\/ca\/serveis-de-podologia-al-barri-de-gracia-barcelona\/#breadcrumb"},"inLanguage":"ca","potentialAction":[{"@type":"ReadAction","target":["https:\/\/podologiaclaret.com\/ca\/serveis-de-podologia-al-barri-de-gracia-barcelona\/"]}]},{"@type":"ImageObject","inLanguage":"ca","@id":"https:\/\/podologiaclaret.com\/ca\/serveis-de-podologia-al-barri-de-gracia-barcelona\/#primaryimage","url":"https:\/\/podologiaclaret.com\/wp-content\/uploads\/2024\/02\/14.jpg","contentUrl":"https:\/\/podologiaclaret.com\/wp-content\/uploads\/2024\/02\/14.jpg","width":525,"height":580,"caption":"estudios_biomecanicos_podologia"},{"@type":"BreadcrumbList","@id":"https:\/\/podologiaclaret.com\/ca\/serveis-de-podologia-al-barri-de-gracia-barcelona\/#breadcrumb","itemListElement":[{"@type":"ListItem","position":1,"name":"Portada","item":"https:\/\/podologiaclaret.com\/ca\/"},{"@type":"ListItem","position":2,"name":"SERVEIS DE PODOLOGIA AL BARRI DE GR\u00c0CIA, BARCELONA"}]},{"@type":"WebSite","@id":"https:\/\/podologiaclaret.com\/#website","url":"https:\/\/podologiaclaret.com\/","name":"Podolog\u00eda Claret","description":"Centro de podolog\u00eda en Gracia, Barcelona","publisher":{"@id":"https:\/\/podologiaclaret.com\/#organization"},"potentialAction":[{"@type":"SearchAction","target":{"@type":"EntryPoint","urlTemplate":"https:\/\/podologiaclaret.com\/?s={search_term_string}"},"query-input":{"@type":"PropertyValueSpecification","valueRequired":true,"valueName":"search_term_string"}}],"inLanguage":"ca"},{"@type":"Organization","@id":"https:\/\/podologiaclaret.com\/#organization","name":"Podolog\u00eda Claret","url":"https:\/\/podologiaclaret.com\/","logo":{"@type":"ImageObject","inLanguage":"ca","@id":"https:\/\/podologiaclaret.com\/#\/schema\/logo\/image\/","url":"https:\/\/podologiaclaret.com\/wp-content\/uploads\/2021\/08\/podologia.svg","contentUrl":"https:\/\/podologiaclaret.com\/wp-content\/uploads\/2021\/08\/podologia.svg","width":253,"height":72,"caption":"Podolog\u00eda Claret"},"image":{"@id":"https:\/\/podologiaclaret.com\/#\/schema\/logo\/image\/"}}]}},"_links":{"self":[{"href":"https:\/\/podologiaclaret.com\/ca\/wp-json\/wp\/v2\/pages\/499","targetHints":{"allow":["GET"]}}],"collection":[{"href":"https:\/\/podologiaclaret.com\/ca\/wp-json\/wp\/v2\/pages"}],"about":[{"href":"https:\/\/podologiaclaret.com\/ca\/wp-json\/wp\/v2\/types\/page"}],"author":[{"embeddable":true,"href":"https:\/\/podologiaclaret.com\/ca\/wp-json\/wp\/v2\/users\/1"}],"replies":[{"embeddable":true,"href":"https:\/\/podologiaclaret.com\/ca\/wp-json\/wp\/v2\/comments?post=499"}],"version-history":[{"count":5,"href":"https:\/\/podologiaclaret.com\/ca\/wp-json\/wp\/v2\/pages\/499\/revisions"}],"predecessor-version":[{"id":2085,"href":"https:\/\/podologiaclaret.com\/ca\/wp-json\/wp\/v2\/pages\/499\/revisions\/2085"}],"wp:featuredmedia":[{"embeddable":true,"href":"https:\/\/podologiaclaret.com\/ca\/wp-json\/wp\/v2\/media\/1725"}],"wp:attachment":[{"href":"https:\/\/podologiaclaret.com\/ca\/wp-json\/wp\/v2\/media?parent=499"}],"curies":[{"name":"wp","href":"https:\/\/api.w.org\/{rel}","templated":true}]}}