{"id":497,"date":"2017-03-21T08:53:50","date_gmt":"2017-03-21T08:53:50","guid":{"rendered":"https:\/\/podologiaclaret.com\/?page_id=497"},"modified":"2025-04-01T11:47:45","modified_gmt":"2025-04-01T09:47:45","slug":"podologo-barrio-gracia-barcelona","status":"publish","type":"page","link":"https:\/\/podologiaclaret.com\/ca\/podologo-barrio-gracia-barcelona\/","title":{"rendered":"Pod\u00f3logo en el barrio de Gracia, Barcelona"},"content":{"rendered":"","protected":false},"excerpt":{"rendered":"","protected":false},"author":1,"featured_media":0,"parent":0,"menu_order":0,"comment_status":"closed","ping_status":"closed","template":"","meta":{"_joinchat":[],"footnotes":""},"class_list":["post-497","page","type-page","status-publish","hentry"],"yoast_head":"<!-- This site is optimized with the Yoast SEO plugin v25.8 - https:\/\/yoast.com\/wordpress\/plugins\/seo\/ -->\n<title>Podolog\u00eda Claret | Cl\u00ednica podologia Barcelona<\/title>\n<meta name=\"description\" content=\"A Podolog\u00eda Claret tenim un equip de pod\u00f2legs experts en el tractament de ungles encarnades, cirurgia podol\u00f3gica i podologia infantil a Barcelona\" \/>\n<meta name=\"robots\" content=\"index, follow, max-snippet:-1, max-image-preview:large, max-video-preview:-1\" \/>\n<link rel=\"canonical\" href=\"https:\/\/podologiaclaret.com\/ca\/podologo-barrio-gracia-barcelona\/\" \/>\n<meta property=\"og:locale\" content=\"ca_ES\" \/>\n<meta property=\"og:type\" content=\"article\" \/>\n<meta property=\"og:title\" content=\"Podolog\u00eda Claret | Cl\u00ednica podologia Barcelona\" \/>\n<meta property=\"og:description\" content=\"A Podolog\u00eda Claret tenim un equip de pod\u00f2legs experts en el tractament de ungles encarnades, cirurgia podol\u00f3gica i podologia infantil a Barcelona\" \/>\n<meta property=\"og:url\" content=\"https:\/\/podologiaclaret.com\/ca\/podologo-barrio-gracia-barcelona\/\" \/>\n<meta property=\"og:site_name\" content=\"Podolog\u00eda Claret\" \/>\n<meta property=\"article:modified_time\" content=\"2025-04-01T09:47:45+00:00\" \/>\n<meta name=\"twitter:card\" content=\"summary_large_image\" \/>\n<meta name=\"twitter:label1\" content=\"Temps estimat de lectura\" \/>\n\t<meta name=\"twitter:data1\" content=\"4 minuts\" \/>\n<script type=\"application\/ld+json\" class=\"yoast-schema-graph\">{\"@context\":\"https:\/\/schema.org\",\"@graph\":[{\"@type\":\"WebPage\",\"@id\":\"https:\/\/podologiaclaret.com\/ca\/podologo-barrio-gracia-barcelona\/\",\"url\":\"https:\/\/podologiaclaret.com\/ca\/podologo-barrio-gracia-barcelona\/\",\"name\":\"Podolog\u00eda Claret | Cl\u00ednica podologia Barcelona\",\"isPartOf\":{\"@id\":\"https:\/\/podologiaclaret.com\/#website\"},\"datePublished\":\"2017-03-21T08:53:50+00:00\",\"dateModified\":\"2025-04-01T09:47:45+00:00\",\"description\":\"A Podolog\u00eda Claret tenim un equip de pod\u00f2legs experts en el tractament de ungles encarnades, cirurgia podol\u00f3gica i podologia infantil a Barcelona\",\"breadcrumb\":{\"@id\":\"https:\/\/podologiaclaret.com\/ca\/podologo-barrio-gracia-barcelona\/#breadcrumb\"},\"inLanguage\":\"ca\",\"potentialAction\":[{\"@type\":\"ReadAction\",\"target\":[\"https:\/\/podologiaclaret.com\/ca\/podologo-barrio-gracia-barcelona\/\"]}]},{\"@type\":\"BreadcrumbList\",\"@id\":\"https:\/\/podologiaclaret.com\/ca\/podologo-barrio-gracia-barcelona\/#breadcrumb\",\"itemListElement\":[{\"@type\":\"ListItem\",\"position\":1,\"name\":\"Portada\",\"item\":\"https:\/\/podologiaclaret.com\/ca\/\"},{\"@type\":\"ListItem\",\"position\":2,\"name\":\"Pod\u00f3logo en el barrio de Gracia, Barcelona\"}]},{\"@type\":\"WebSite\",\"@id\":\"https:\/\/podologiaclaret.com\/#website\",\"url\":\"https:\/\/podologiaclaret.com\/\",\"name\":\"Podolog\u00eda Claret\",\"description\":\"Centro de podolog\u00eda en Gracia, Barcelona\",\"publisher\":{\"@id\":\"https:\/\/podologiaclaret.com\/#organization\"},\"potentialAction\":[{\"@type\":\"SearchAction\",\"target\":{\"@type\":\"EntryPoint\",\"urlTemplate\":\"https:\/\/podologiaclaret.com\/?s={search_term_string}\"},\"query-input\":{\"@type\":\"PropertyValueSpecification\",\"valueRequired\":true,\"valueName\":\"search_term_string\"}}],\"inLanguage\":\"ca\"},{\"@type\":\"Organization\",\"@id\":\"https:\/\/podologiaclaret.com\/#organization\",\"name\":\"Podolog\u00eda Claret\",\"url\":\"https:\/\/podologiaclaret.com\/\",\"logo\":{\"@type\":\"ImageObject\",\"inLanguage\":\"ca\",\"@id\":\"https:\/\/podologiaclaret.com\/#\/schema\/logo\/image\/\",\"url\":\"https:\/\/podologiaclaret.com\/wp-content\/uploads\/2021\/08\/podologia.svg\",\"contentUrl\":\"https:\/\/podologiaclaret.com\/wp-content\/uploads\/2021\/08\/podologia.svg\",\"width\":253,\"height\":72,\"caption\":\"Podolog\u00eda Claret\"},\"image\":{\"@id\":\"https:\/\/podologiaclaret.com\/#\/schema\/logo\/image\/\"}}]}<\/script>\n<!-- \/ Yoast SEO plugin. -->","yoast_head_json":{"title":"Podolog\u00eda Claret | Cl\u00ednica podologia Barcelona","description":"A Podolog\u00eda Claret tenim un equip de pod\u00f2legs experts en el tractament de ungles encarnades, cirurgia podol\u00f3gica i podologia infantil a Barcelona","robots":{"index":"index","follow":"follow","max-snippet":"max-snippet:-1","max-image-preview":"max-image-preview:large","max-video-preview":"max-video-preview:-1"},"canonical":"https:\/\/podologiaclaret.com\/ca\/podologo-barrio-gracia-barcelona\/","og_locale":"ca_ES","og_type":"article","og_title":"Podolog\u00eda Claret | Cl\u00ednica podologia Barcelona","og_description":"A Podolog\u00eda Claret tenim un equip de pod\u00f2legs experts en el tractament de ungles encarnades, cirurgia podol\u00f3gica i podologia infantil a Barcelona","og_url":"https:\/\/podologiaclaret.com\/ca\/podologo-barrio-gracia-barcelona\/","og_site_name":"Podolog\u00eda Claret","article_modified_time":"2025-04-01T09:47:45+00:00","twitter_card":"summary_large_image","twitter_misc":{"Temps estimat de lectura":"4 minuts"},"schema":{"@context":"https:\/\/schema.org","@graph":[{"@type":"WebPage","@id":"https:\/\/podologiaclaret.com\/ca\/podologo-barrio-gracia-barcelona\/","url":"https:\/\/podologiaclaret.com\/ca\/podologo-barrio-gracia-barcelona\/","name":"Podolog\u00eda Claret | Cl\u00ednica podologia Barcelona","isPartOf":{"@id":"https:\/\/podologiaclaret.com\/#website"},"datePublished":"2017-03-21T08:53:50+00:00","dateModified":"2025-04-01T09:47:45+00:00","description":"A Podolog\u00eda Claret tenim un equip de pod\u00f2legs experts en el tractament de ungles encarnades, cirurgia podol\u00f3gica i podologia infantil a Barcelona","breadcrumb":{"@id":"https:\/\/podologiaclaret.com\/ca\/podologo-barrio-gracia-barcelona\/#breadcrumb"},"inLanguage":"ca","potentialAction":[{"@type":"ReadAction","target":["https:\/\/podologiaclaret.com\/ca\/podologo-barrio-gracia-barcelona\/"]}]},{"@type":"BreadcrumbList","@id":"https:\/\/podologiaclaret.com\/ca\/podologo-barrio-gracia-barcelona\/#breadcrumb","itemListElement":[{"@type":"ListItem","position":1,"name":"Portada","item":"https:\/\/podologiaclaret.com\/ca\/"},{"@type":"ListItem","position":2,"name":"Pod\u00f3logo en el barrio de Gracia, Barcelona"}]},{"@type":"WebSite","@id":"https:\/\/podologiaclaret.com\/#website","url":"https:\/\/podologiaclaret.com\/","name":"Podolog\u00eda Claret","description":"Centro de podolog\u00eda en Gracia, Barcelona","publisher":{"@id":"https:\/\/podologiaclaret.com\/#organization"},"potentialAction":[{"@type":"SearchAction","target":{"@type":"EntryPoint","urlTemplate":"https:\/\/podologiaclaret.com\/?s={search_term_string}"},"query-input":{"@type":"PropertyValueSpecification","valueRequired":true,"valueName":"search_term_string"}}],"inLanguage":"ca"},{"@type":"Organization","@id":"https:\/\/podologiaclaret.com\/#organization","name":"Podolog\u00eda Claret","url":"https:\/\/podologiaclaret.com\/","logo":{"@type":"ImageObject","inLanguage":"ca","@id":"https:\/\/podologiaclaret.com\/#\/schema\/logo\/image\/","url":"https:\/\/podologiaclaret.com\/wp-content\/uploads\/2021\/08\/podologia.svg","contentUrl":"https:\/\/podologiaclaret.com\/wp-content\/uploads\/2021\/08\/podologia.svg","width":253,"height":72,"caption":"Podolog\u00eda Claret"},"image":{"@id":"https:\/\/podologiaclaret.com\/#\/schema\/logo\/image\/"}}]}},"_links":{"self":[{"href":"https:\/\/podologiaclaret.com\/ca\/wp-json\/wp\/v2\/pages\/497","targetHints":{"allow":["GET"]}}],"collection":[{"href":"https:\/\/podologiaclaret.com\/ca\/wp-json\/wp\/v2\/pages"}],"about":[{"href":"https:\/\/podologiaclaret.com\/ca\/wp-json\/wp\/v2\/types\/page"}],"author":[{"embeddable":true,"href":"https:\/\/podologiaclaret.com\/ca\/wp-json\/wp\/v2\/users\/1"}],"replies":[{"embeddable":true,"href":"https:\/\/podologiaclaret.com\/ca\/wp-json\/wp\/v2\/comments?post=497"}],"version-history":[{"count":5,"href":"https:\/\/podologiaclaret.com\/ca\/wp-json\/wp\/v2\/pages\/497\/revisions"}],"predecessor-version":[{"id":1957,"href":"https:\/\/podologiaclaret.com\/ca\/wp-json\/wp\/v2\/pages\/497\/revisions\/1957"}],"wp:attachment":[{"href":"https:\/\/podologiaclaret.com\/ca\/wp-json\/wp\/v2\/media?parent=497"}],"curies":[{"name":"wp","href":"https:\/\/api.w.org\/{rel}","templated":true}]}}