{"id":1616,"date":"2024-02-05T13:45:01","date_gmt":"2024-02-05T12:45:01","guid":{"rendered":"https:\/\/podologiaclaret.com\/radiografia-digital\/"},"modified":"2025-07-08T19:42:03","modified_gmt":"2025-07-08T17:42:03","slug":"radiografia-digital","status":"publish","type":"page","link":"https:\/\/podologiaclaret.com\/ca\/radiografia-digital\/","title":{"rendered":"RADIOGRAF\u00cdA DIGITAL"},"content":{"rendered":"[vc_row][vc_column][vc_single_image image=&#8221;437&#8243; img_size=&#8221;full&#8221;][\/vc_column][\/vc_row][vc_row][vc_column width=&#8221;1\/2&#8243;][vc_empty_space height=&#8221;10px&#8221;][vc_column_text css=&#8221;.vc_custom_1492685526035{margin-right: 20px !important;}&#8221;]\n<p class=\"p1\">A Centre de Podologia Claret disposem d\u00b4un equip de radiologia digital d\u00b4\u00faltima generaci\u00f3, aquesta tecnologia \u00e9s tan nova com segura per al pacient, amb emissions m\u00ednimes de radiaci\u00f3.<\/p>\n<p class=\"p1\">Mitjan\u00e7ant aquesta nova tecnologia, coneguda com a Flat Pannel, podem realitzar diagn\u00f2stics m\u00e9s acurats gr\u00e0cies a imatges radiol\u00f2giques en alta definici\u00f3 de manera instant\u00e0nia. Podem fer tot tipus de projeccions radiol\u00f2giques i ens permet treballar amb les imatges d&#8217;alta qualitat augmentant-les per visualitzar els detalls m\u00e9s espec\u00edfics i elaborar un diagn\u00f2stic prec\u00eds en q\u00fcesti\u00f3 de segons.<\/p>\n<p class=\"p1\">Despr\u00e9s d&#8217;una bona exploraci\u00f3 cl\u00ednica, aquesta eina resultar\u00e0 imprescindible per confirmar o descartar una sospita diagn\u00f2stica, de manera que puguem establir un pla d&#8217;actuaci\u00f3 personalitzat i efica\u00e7.<\/p>\n[\/vc_column_text][\/vc_column][vc_column width=&#8221;1\/2&#8243;][vc_column_text]\n<p style=\"font-size: 24px;\">Demana cita online&#8230;<\/p>\n[\/vc_column_text][vc_column_text]<!--\nPlugin Name: Bookly - Responsive WordPress Appointment Booking and Scheduling Plugin\nPlugin URI: https:\/\/www.booking-wp-plugin.com\/?utm_source=bookly_admin&utm_medium=plugins_page&utm_campaign=plugins_page\nVersion: 25.6-->\n<style type=\"text\/css\">\n    :root {\n        --bookly-main-color: #0d5495 !important;\n        --bookly-color: #0d5495 !important;\n    }\n\n    <\/style><div class=\"bookly-css-root\">\n    <div id=\"bookly-form-69f4a024cd22b\" class=\"bookly-form\" data-form_id=\"69f4a024cd22b\" aria-live=\"polite\">\n        <div style=\"text-align: center\"><img decoding=\"async\" src=\"https:\/\/podologiaclaret.com\/wp-includes\/js\/tinymce\/skins\/lightgray\/img\/loader.gif\" alt=\"Loading...\"\/><\/div>\n    <\/div>\n<\/div>\n<script type=\"text\/javascript\">\n    (function (win, fn) {\n        var done = false, top = true,\n            doc = win.document,\n            root = doc.documentElement,\n            modern = doc.addEventListener,\n            add = modern ? 'addEventListener' : 'attachEvent',\n            rem = modern ? 'removeEventListener' : 'detachEvent',\n            pre = modern ? '' : 'on',\n            init = function (e) {\n                if (e.type == 'readystatechange') if (doc.readyState != 'complete') return;\n                (e.type == 'load' ? win : doc)[rem](pre + e.type, init, false);\n                if (!done) {\n                    done = true;\n                    fn.call(win, e.type || e);\n                }\n            },\n            poll = function () {\n                try {\n                    root.doScroll('left');\n                } catch (e) {\n                    setTimeout(poll, 50);\n                    return;\n                }\n                init('poll');\n            };\n        if (doc.readyState == 'complete') fn.call(win, 'lazy');\n        else {\n            if (!modern) if (root.doScroll) {\n                try {\n                    top = !win.frameElement;\n                } catch (e) {\n                }\n                if (top) poll();\n            }\n            doc[add](pre + 'DOMContentLoaded', init, false);\n            doc[add](pre + 'readystatechange', init, false);\n            win[add](pre + 'load', init, false);\n        }\n    })(window, function () {\n        window.bookly( {\"form_id\":\"69f4a024cd22b\",\"status\":{\"booking\":\"new\"},\"skip_steps\":{\"service_part1\":0,\"service_part2\":0,\"extras\":1,\"time\":0,\"repeat\":1,\"cart\":1},\"errors\":{\"session_error\":\"Session error.\",\"form_id_error\":\"Form ID error.\",\"cart_item_not_available\":\"La hora seleccionada ya no est\\u00e1 disponible. Por favor elije otra ranura de hora.\",\"pay_locally_not_available\":\"Pay locally is not available.\",\"invalid_gateway\":\"Invalid gateway.\",\"payment_error\":\"Error.\",\"incorrect_username_password\":\"Nom d'usuari o contrasenya incorrectes.\"},\"form_attributes\":{\"hide_categories\":true,\"hide_services\":false,\"hide_staff_members\":true,\"show_number_of_persons\":false,\"hide_service_duration\":true,\"hide_locations\":true,\"hide_quantity\":true,\"hide_date\":false,\"hide_week_days\":false,\"hide_time_range\":false},\"use_client_time_zone\":0,\"defaults\":{\"service_id\":0,\"staff_id\":0,\"location_id\":0,\"category_id\":0},\"datepicker_mode\":\"text-accent\"} );\n    });\n<\/script>[\/vc_column_text][\/vc_column][\/vc_row][vc_row full_width=&#8221;stretch_row_content&#8221; css=&#8221;.vc_custom_1490109100227{margin-right: 0px !important;margin-left: 0px !important;padding-top: 0px !important;padding-right: 0px !important;padding-bottom: 0px !important;padding-left: 0px !important;}&#8221;][vc_column width=&#8221;1\/2&#8243; css=&#8221;.vc_custom_1490109279450{margin-right: 0px !important;margin-left: 0px !important;padding-right: 0px !important;padding-left: 0px !important;}&#8221;][vc_gmaps link=&#8221;#E-8_JTNDaWZyYW1lJTIwc3JjJTNEJTIyaHR0cHMlM0ElMkYlMkZ3d3cuZ29vZ2xlLmNvbSUyRm1hcHMlMkZlbWJlZCUzRnBiJTNEJTIxMW0xOCUyMTFtMTIlMjExbTMlMjExZDI5OTIuNjIyNDI1MjI2MTU3MiUyMTJkMi4xNjI4MjQyMTU0MjYyOTA3JTIxM2Q0MS40MDQwMDU0NzkyNjI2MTUlMjEybTMlMjExZjAlMjEyZjAlMjEzZjAlMjEzbTIlMjExaTEwMjQlMjEyaTc2OCUyMTRmMTMuMSUyMTNtMyUyMTFtMiUyMTFzMHgxMmE0YTJjMDg0YTY1NjgzJTI1M0EweDUwNWZhOTBjNDM4NDNjMTMlMjEyc0NhcnJlciUyQmRlJTJCU2FudCUyQkFudG9uaSUyQk1hcmlhJTJCQ2xhcmV0JTI1MkMlMkIzMCUyNTJDJTJCMDgwMzclMkJCYXJjZWxvbmElMjE1ZTAlMjEzbTIlMjExc2VuJTIxMnNlcyUyMTR2MTQ5MDA4ODkyMzE5NiUyMiUyMHdpZHRoJTNEJTIyNjAwJTIyJTIwaGVpZ2h0JTNEJTIyMzI1JTIyJTIwZnJhbWVib3JkZXIlM0QlMjIwJTIyJTIwc3R5bGUlM0QlMjJib3JkZXIlM0EwJTIyJTIwYWxsb3dmdWxsc2NyZWVuJTNFJTNDJTJGaWZyYW1lJTNF&#8221; css=&#8221;.vc_custom_1490109355426{margin-top: 0px !important;margin-right: 0px !important;margin-bottom: 0px !important;margin-left: 0px !important;padding-top: 0px !important;padding-right: 0px !important;padding-bottom: 0px !important;padding-left: 0px !important;}&#8221;][\/vc_column][vc_column width=&#8221;1\/2&#8243; css=&#8221;.vc_custom_1490090690796{background-color: #1f5da6 !important;}&#8221;][vc_column_text css=&#8221;.vc_custom_1490865816873{margin-left: 0px !important;border-left-width: 0px !important;padding-top: 0px !important;padding-bottom: 0px !important;padding-left: 0px !important;}&#8221;]\n<p style=\"font-size: 20px;\"><span style=\"color: #ffffff;\">D\u00f3nde estamos<\/span><\/p>\n<p style=\"font-size: 12px;\"><strong><span style=\"color: #ffffff;\">DIRECCI\u00d3N:<\/span><\/strong><\/p>\n<p style=\"font-size: 14px;\"><span style=\"color: #ffffff;\">Carrer de Sant Antoni Maria Claret, 30 &#8211; 08037, Barrio de Gracia (Barcelona)<\/span><\/p>\n<p style=\"font-size: 12px;\"><span style=\"color: #ffffff;\"><strong>TEL\u00c9FONO:<\/strong> 934 57 05 49 <strong>EMAIL:<\/strong> info@podologiaclaret.com<\/span><\/p>\n<p style=\"font-size: 12px;\"><strong><span style=\"color: #ffffff;\">C\u00d3MO LLEGAR<\/span><\/strong><\/p>\n<p style=\"font-size: 12px;\"><img loading=\"lazy\" decoding=\"async\" class=\"alignnone size-full wp-image-127\" src=\"https:\/\/podologiaclaret.com\/wp-content\/uploads\/2017\/03\/metro.png\" alt=\"\" width=\"66\" height=\"39\" \/><span style=\"color: #ffffff;\">Joanic<\/span><img loading=\"lazy\" decoding=\"async\" class=\"alignnone size-medium wp-image-128\" src=\"https:\/\/podologiaclaret.com\/wp-content\/uploads\/2017\/03\/metro-stop.png\" alt=\"\" width=\"66\" height=\"39\" \/><span style=\"color: #ffffff;\">Sagrada Famila<\/span><img loading=\"lazy\" decoding=\"async\" class=\"alignnone size-full wp-image-126\" src=\"https:\/\/podologiaclaret.com\/wp-content\/uploads\/2017\/03\/bus-lines.png\" alt=\"\" width=\"216\" height=\"39\" \/><\/p>\n[\/vc_column_text][\/vc_column][\/vc_row]\n","protected":false},"excerpt":{"rendered":"<p>[vc_row][vc_column][vc_single_image image=&#8221;437&#8243; img_size=&#8221;full&#8221;][\/vc_column][\/vc_row][vc_row][vc_column width=&#8221;1\/2&#8243;][vc_empty_space height=&#8221;10px&#8221;][vc_column_text css=&#8221;.vc_custom_1492685526035{margin-right: 20px !important;}&#8221;] A Centre de Podologia Claret disposem d\u00b4un equip de radiologia digital d\u00b4\u00faltima generaci\u00f3, aquesta tecnologia \u00e9s tan nova com segura per al pacient, amb emissions m\u00ednimes de radiaci\u00f3. Mitjan\u00e7ant aquesta nova tecnologia, coneguda com a Flat Pannel, podem realitzar diagn\u00f2stics m\u00e9s acurats gr\u00e0cies a imatges radiol\u00f2giques en<\/p>\n","protected":false},"author":1,"featured_media":0,"parent":0,"menu_order":0,"comment_status":"closed","ping_status":"closed","template":"","meta":{"_joinchat":[],"footnotes":""},"class_list":["post-1616","page","type-page","status-publish","hentry"],"yoast_head":"<!-- This site is optimized with the Yoast SEO plugin v25.8 - https:\/\/yoast.com\/wordpress\/plugins\/seo\/ -->\n<title>Radiografia digital del peu | Podolog\u00eda Claret<\/title>\n<meta name=\"description\" content=\"Una exploraci\u00f3 de qualitat per aconseguir el diagn\u00f2stic m\u00e9s acurat per als teus peus. Demana ja la teva visita!\" \/>\n<meta name=\"robots\" content=\"index, follow, max-snippet:-1, max-image-preview:large, max-video-preview:-1\" \/>\n<link rel=\"canonical\" href=\"https:\/\/podologiaclaret.com\/ca\/radiografia-digital\/\" \/>\n<meta property=\"og:locale\" content=\"ca_ES\" \/>\n<meta property=\"og:type\" content=\"article\" \/>\n<meta property=\"og:title\" content=\"Radiografia digital del peu | Podolog\u00eda Claret\" \/>\n<meta property=\"og:description\" content=\"Una exploraci\u00f3 de qualitat per aconseguir el diagn\u00f2stic m\u00e9s acurat per als teus peus. Demana ja la teva visita!\" \/>\n<meta property=\"og:url\" content=\"https:\/\/podologiaclaret.com\/ca\/radiografia-digital\/\" \/>\n<meta property=\"og:site_name\" content=\"Podolog\u00eda Claret\" \/>\n<meta property=\"article:modified_time\" content=\"2025-07-08T17:42:03+00:00\" \/>\n<meta property=\"og:image\" content=\"https:\/\/podologiaclaret.com\/wp-content\/uploads\/2017\/03\/metro.png\" \/>\n\t<meta property=\"og:image:width\" content=\"66\" \/>\n\t<meta property=\"og:image:height\" content=\"39\" \/>\n\t<meta property=\"og:image:type\" content=\"image\/png\" \/>\n<meta name=\"twitter:card\" content=\"summary_large_image\" \/>\n<meta name=\"twitter:label1\" content=\"Temps estimat de lectura\" \/>\n\t<meta name=\"twitter:data1\" content=\"3 minuts\" \/>\n<script type=\"application\/ld+json\" class=\"yoast-schema-graph\">{\"@context\":\"https:\/\/schema.org\",\"@graph\":[{\"@type\":\"WebPage\",\"@id\":\"https:\/\/podologiaclaret.com\/ca\/radiografia-digital\/\",\"url\":\"https:\/\/podologiaclaret.com\/ca\/radiografia-digital\/\",\"name\":\"Radiografia digital del peu | Podolog\u00eda Claret\",\"isPartOf\":{\"@id\":\"https:\/\/podologiaclaret.com\/#website\"},\"primaryImageOfPage\":{\"@id\":\"https:\/\/podologiaclaret.com\/ca\/radiografia-digital\/#primaryimage\"},\"image\":{\"@id\":\"https:\/\/podologiaclaret.com\/ca\/radiografia-digital\/#primaryimage\"},\"thumbnailUrl\":\"https:\/\/podologiaclaret.com\/wp-content\/uploads\/2017\/03\/metro.png\",\"datePublished\":\"2024-02-05T12:45:01+00:00\",\"dateModified\":\"2025-07-08T17:42:03+00:00\",\"description\":\"Una exploraci\u00f3 de qualitat per aconseguir el diagn\u00f2stic m\u00e9s acurat per als teus peus. Demana ja la teva visita!\",\"breadcrumb\":{\"@id\":\"https:\/\/podologiaclaret.com\/ca\/radiografia-digital\/#breadcrumb\"},\"inLanguage\":\"ca\",\"potentialAction\":[{\"@type\":\"ReadAction\",\"target\":[\"https:\/\/podologiaclaret.com\/ca\/radiografia-digital\/\"]}]},{\"@type\":\"ImageObject\",\"inLanguage\":\"ca\",\"@id\":\"https:\/\/podologiaclaret.com\/ca\/radiografia-digital\/#primaryimage\",\"url\":\"https:\/\/podologiaclaret.com\/wp-content\/uploads\/2017\/03\/metro.png\",\"contentUrl\":\"https:\/\/podologiaclaret.com\/wp-content\/uploads\/2017\/03\/metro.png\"},{\"@type\":\"BreadcrumbList\",\"@id\":\"https:\/\/podologiaclaret.com\/ca\/radiografia-digital\/#breadcrumb\",\"itemListElement\":[{\"@type\":\"ListItem\",\"position\":1,\"name\":\"Portada\",\"item\":\"https:\/\/podologiaclaret.com\/ca\/\"},{\"@type\":\"ListItem\",\"position\":2,\"name\":\"RADIOGRAF\u00cdA DIGITAL\"}]},{\"@type\":\"WebSite\",\"@id\":\"https:\/\/podologiaclaret.com\/#website\",\"url\":\"https:\/\/podologiaclaret.com\/\",\"name\":\"Podolog\u00eda Claret\",\"description\":\"Centro de podolog\u00eda en Gracia, Barcelona\",\"publisher\":{\"@id\":\"https:\/\/podologiaclaret.com\/#organization\"},\"potentialAction\":[{\"@type\":\"SearchAction\",\"target\":{\"@type\":\"EntryPoint\",\"urlTemplate\":\"https:\/\/podologiaclaret.com\/?s={search_term_string}\"},\"query-input\":{\"@type\":\"PropertyValueSpecification\",\"valueRequired\":true,\"valueName\":\"search_term_string\"}}],\"inLanguage\":\"ca\"},{\"@type\":\"Organization\",\"@id\":\"https:\/\/podologiaclaret.com\/#organization\",\"name\":\"Podolog\u00eda Claret\",\"url\":\"https:\/\/podologiaclaret.com\/\",\"logo\":{\"@type\":\"ImageObject\",\"inLanguage\":\"ca\",\"@id\":\"https:\/\/podologiaclaret.com\/#\/schema\/logo\/image\/\",\"url\":\"https:\/\/podologiaclaret.com\/wp-content\/uploads\/2021\/08\/podologia.svg\",\"contentUrl\":\"https:\/\/podologiaclaret.com\/wp-content\/uploads\/2021\/08\/podologia.svg\",\"width\":253,\"height\":72,\"caption\":\"Podolog\u00eda Claret\"},\"image\":{\"@id\":\"https:\/\/podologiaclaret.com\/#\/schema\/logo\/image\/\"}}]}<\/script>\n<!-- \/ Yoast SEO plugin. -->","yoast_head_json":{"title":"Radiografia digital del peu | Podolog\u00eda Claret","description":"Una exploraci\u00f3 de qualitat per aconseguir el diagn\u00f2stic m\u00e9s acurat per als teus peus. Demana ja la teva visita!","robots":{"index":"index","follow":"follow","max-snippet":"max-snippet:-1","max-image-preview":"max-image-preview:large","max-video-preview":"max-video-preview:-1"},"canonical":"https:\/\/podologiaclaret.com\/ca\/radiografia-digital\/","og_locale":"ca_ES","og_type":"article","og_title":"Radiografia digital del peu | Podolog\u00eda Claret","og_description":"Una exploraci\u00f3 de qualitat per aconseguir el diagn\u00f2stic m\u00e9s acurat per als teus peus. Demana ja la teva visita!","og_url":"https:\/\/podologiaclaret.com\/ca\/radiografia-digital\/","og_site_name":"Podolog\u00eda Claret","article_modified_time":"2025-07-08T17:42:03+00:00","og_image":[{"width":66,"height":39,"url":"https:\/\/podologiaclaret.com\/wp-content\/uploads\/2017\/03\/metro.png","type":"image\/png"}],"twitter_card":"summary_large_image","twitter_misc":{"Temps estimat de lectura":"3 minuts"},"schema":{"@context":"https:\/\/schema.org","@graph":[{"@type":"WebPage","@id":"https:\/\/podologiaclaret.com\/ca\/radiografia-digital\/","url":"https:\/\/podologiaclaret.com\/ca\/radiografia-digital\/","name":"Radiografia digital del peu | Podolog\u00eda Claret","isPartOf":{"@id":"https:\/\/podologiaclaret.com\/#website"},"primaryImageOfPage":{"@id":"https:\/\/podologiaclaret.com\/ca\/radiografia-digital\/#primaryimage"},"image":{"@id":"https:\/\/podologiaclaret.com\/ca\/radiografia-digital\/#primaryimage"},"thumbnailUrl":"https:\/\/podologiaclaret.com\/wp-content\/uploads\/2017\/03\/metro.png","datePublished":"2024-02-05T12:45:01+00:00","dateModified":"2025-07-08T17:42:03+00:00","description":"Una exploraci\u00f3 de qualitat per aconseguir el diagn\u00f2stic m\u00e9s acurat per als teus peus. Demana ja la teva visita!","breadcrumb":{"@id":"https:\/\/podologiaclaret.com\/ca\/radiografia-digital\/#breadcrumb"},"inLanguage":"ca","potentialAction":[{"@type":"ReadAction","target":["https:\/\/podologiaclaret.com\/ca\/radiografia-digital\/"]}]},{"@type":"ImageObject","inLanguage":"ca","@id":"https:\/\/podologiaclaret.com\/ca\/radiografia-digital\/#primaryimage","url":"https:\/\/podologiaclaret.com\/wp-content\/uploads\/2017\/03\/metro.png","contentUrl":"https:\/\/podologiaclaret.com\/wp-content\/uploads\/2017\/03\/metro.png"},{"@type":"BreadcrumbList","@id":"https:\/\/podologiaclaret.com\/ca\/radiografia-digital\/#breadcrumb","itemListElement":[{"@type":"ListItem","position":1,"name":"Portada","item":"https:\/\/podologiaclaret.com\/ca\/"},{"@type":"ListItem","position":2,"name":"RADIOGRAF\u00cdA DIGITAL"}]},{"@type":"WebSite","@id":"https:\/\/podologiaclaret.com\/#website","url":"https:\/\/podologiaclaret.com\/","name":"Podolog\u00eda Claret","description":"Centro de podolog\u00eda en Gracia, Barcelona","publisher":{"@id":"https:\/\/podologiaclaret.com\/#organization"},"potentialAction":[{"@type":"SearchAction","target":{"@type":"EntryPoint","urlTemplate":"https:\/\/podologiaclaret.com\/?s={search_term_string}"},"query-input":{"@type":"PropertyValueSpecification","valueRequired":true,"valueName":"search_term_string"}}],"inLanguage":"ca"},{"@type":"Organization","@id":"https:\/\/podologiaclaret.com\/#organization","name":"Podolog\u00eda Claret","url":"https:\/\/podologiaclaret.com\/","logo":{"@type":"ImageObject","inLanguage":"ca","@id":"https:\/\/podologiaclaret.com\/#\/schema\/logo\/image\/","url":"https:\/\/podologiaclaret.com\/wp-content\/uploads\/2021\/08\/podologia.svg","contentUrl":"https:\/\/podologiaclaret.com\/wp-content\/uploads\/2021\/08\/podologia.svg","width":253,"height":72,"caption":"Podolog\u00eda Claret"},"image":{"@id":"https:\/\/podologiaclaret.com\/#\/schema\/logo\/image\/"}}]}},"_links":{"self":[{"href":"https:\/\/podologiaclaret.com\/ca\/wp-json\/wp\/v2\/pages\/1616","targetHints":{"allow":["GET"]}}],"collection":[{"href":"https:\/\/podologiaclaret.com\/ca\/wp-json\/wp\/v2\/pages"}],"about":[{"href":"https:\/\/podologiaclaret.com\/ca\/wp-json\/wp\/v2\/types\/page"}],"author":[{"embeddable":true,"href":"https:\/\/podologiaclaret.com\/ca\/wp-json\/wp\/v2\/users\/1"}],"replies":[{"embeddable":true,"href":"https:\/\/podologiaclaret.com\/ca\/wp-json\/wp\/v2\/comments?post=1616"}],"version-history":[{"count":7,"href":"https:\/\/podologiaclaret.com\/ca\/wp-json\/wp\/v2\/pages\/1616\/revisions"}],"predecessor-version":[{"id":2090,"href":"https:\/\/podologiaclaret.com\/ca\/wp-json\/wp\/v2\/pages\/1616\/revisions\/2090"}],"wp:attachment":[{"href":"https:\/\/podologiaclaret.com\/ca\/wp-json\/wp\/v2\/media?parent=1616"}],"curies":[{"name":"wp","href":"https:\/\/api.w.org\/{rel}","templated":true}]}}